{"id":1935,"date":"2024-01-09T13:21:16","date_gmt":"2024-01-09T12:21:16","guid":{"rendered":"https:\/\/dworekmarmis.simonmista.de\/?page_id=1935"},"modified":"2025-09-28T21:36:25","modified_gmt":"2025-09-28T19:36:25","slug":"terrassengarten","status":"publish","type":"page","link":"https:\/\/www.dworekmarmis.pl\/de\/ogrod-patio\/","title":{"rendered":"Garten, Patio"},"content":{"rendered":"<div class=\"wpb-content-wrapper\"><div class=\"vc_row wpb_row vc_row-fluid\"><div class=\"wpb_column vc_column_container vc_col-sm-10\"><div class=\"vc_column-inner\"><div class=\"wpb_wrapper\">\n\t<div class=\"wpb_text_column wpb_content_element\" >\n\t\t<div class=\"wpb_wrapper\">\n\t\t\t<p>Der Garten des Anwesens ist ein malerischer Ort mit einem weitl\u00e4ufigen Waldpark. Im Sommer k\u00f6nnen die G\u00e4ste den Swimmingpool im Garten genie\u00dfen, der f\u00fcr Erfrischung und Entspannung sorgt. Schaukeln, eine H\u00e4ngematte und ein Sandkasten laden die Kleinen zum Spielen ein, und die gro\u00dfe Terrasse mit Grill ist der ideale Ort f\u00fcr gemeinsame Treffen und Feste im Freien. Auch ein Badmintonplatz sorgt f\u00fcr Unterhaltung und k\u00f6rperliche Bet\u00e4tigung. Eine malerische Br\u00fccke \u00fcber den Bach bildet eine reizvolle Verbindung zwischen den beiden Seiten des Grundst\u00fccks. Das Rauschen des Baches tr\u00e4gt zur nat\u00fcrlichen Harmonie bei, und die Br\u00fccke wird zu einem Ort, an dem die G\u00e4ste die Ruhe und Sch\u00f6nheit der umgebenden Natur genie\u00dfen k\u00f6nnen.<\/p>\n\n\t\t<\/div>\n\t<\/div>\n<\/div><\/div><\/div><\/div><div class=\"vc_row wpb_row vc_row-fluid\"><div class=\"wpb_column vc_column_container vc_col-sm-12\"><div class=\"vc_column-inner\"><div class=\"wpb_wrapper\">\t\t\t<div class=\"simonmista_slideshow\">\r\n\t\t\t\t<div class=\"simonmista_slideshow__owl simonmista_slideshow__owl__1 owl-carousel owl-stage-overflow\" data-owl-options='{\"loop\":\"true\",\"margin\":1,\"autoHeight\":false,\"slideTransition\":\"\",\"center\":false,\"nav\":false,\"dots\":false,\"stagePadding\":\"0\",\"autoWidth\":false,\"rtl\":false,\"autoplaySpeed\":false,\"autoplay\":false,\"responsiveClass\":true,\"autoplayTimeout\":\"5000\",\"autoplayHoverPause\":false,\"responsive\":{\"0\":{\"items\":\"1\"},\"768\":{\"items\":\"2\"},\"992\":{\"items\":\"3\"}}}'>\r\n\t\t\t\t\t\t\t\t\t\t\t\t\t<div class=\"simonmista_slideshow__item\"  style=\"background-color:\">\r\n\t\t\t\t\n\t<div  class=\"wpb_single_image wpb_content_element vc_align_left wpb_content_element\">\n\t\t\n\t\t<figure class=\"wpb_wrapper vc_figure\">\n\t\t\t<div class=\"vc_single_image-wrapper   vc_box_border_grey\"><img decoding=\"async\" width=\"2048\" height=\"2048\" src=\"https:\/\/www.dworekmarmis.pl\/app\/uploads\/2024\/10\/20240822_183644-scaled.jpg\" class=\"vc_single_image-img attachment-full\" alt=\"Ruinen eines Steinbaus mit Sonnenschirm, Gartenm\u00f6beln und Holzstapeln im Hintergrund.\" title=\"20240822_183644\" srcset=\"https:\/\/www.dworekmarmis.pl\/app\/uploads\/2024\/10\/20240822_183644-scaled.jpg 2048w, https:\/\/www.dworekmarmis.pl\/app\/uploads\/2024\/10\/20240822_183644-300x300.jpg 300w, https:\/\/www.dworekmarmis.pl\/app\/uploads\/2024\/10\/20240822_183644-1024x1024.jpg 1024w, https:\/\/www.dworekmarmis.pl\/app\/uploads\/2024\/10\/20240822_183644-150x150.jpg 150w, https:\/\/www.dworekmarmis.pl\/app\/uploads\/2024\/10\/20240822_183644-768x768.jpg 768w, https:\/\/www.dworekmarmis.pl\/app\/uploads\/2024\/10\/20240822_183644-1536x1536.jpg 1536w, https:\/\/www.dworekmarmis.pl\/app\/uploads\/2024\/10\/20240822_183644-12x12.jpg 12w\" sizes=\"(max-width: 2048px) 100vw, 2048px\" \/><\/div>\n\t\t<\/figure>\n\t<\/div>\n\t\t\t<\/div>\r\n\t\t\t<div class=\"simonmista_slideshow__item\"  style=\"background-color:\">\r\n\t\t\t\t\n\t<div  class=\"wpb_single_image wpb_content_element vc_align_left wpb_content_element\">\n\t\t\n\t\t<figure class=\"wpb_wrapper vc_figure\">\n\t\t\t<div class=\"vc_single_image-wrapper   vc_box_border_grey\"><img decoding=\"async\" width=\"2048\" height=\"2048\" src=\"https:\/\/www.dworekmarmis.pl\/app\/uploads\/2024\/10\/20240711_195836-scaled.jpg\" class=\"vc_single_image-img attachment-full\" alt=\"Ein \u00fcberdachter Sitzbereich mit Holzst\u00fchlen und Tisch, im Hintergrund ein Zelt auf der Wiese.\" title=\"20240711_195836\" srcset=\"https:\/\/www.dworekmarmis.pl\/app\/uploads\/2024\/10\/20240711_195836-scaled.jpg 2048w, https:\/\/www.dworekmarmis.pl\/app\/uploads\/2024\/10\/20240711_195836-300x300.jpg 300w, https:\/\/www.dworekmarmis.pl\/app\/uploads\/2024\/10\/20240711_195836-1024x1024.jpg 1024w, https:\/\/www.dworekmarmis.pl\/app\/uploads\/2024\/10\/20240711_195836-150x150.jpg 150w, https:\/\/www.dworekmarmis.pl\/app\/uploads\/2024\/10\/20240711_195836-768x768.jpg 768w, https:\/\/www.dworekmarmis.pl\/app\/uploads\/2024\/10\/20240711_195836-1536x1536.jpg 1536w, https:\/\/www.dworekmarmis.pl\/app\/uploads\/2024\/10\/20240711_195836-12x12.jpg 12w\" sizes=\"(max-width: 2048px) 100vw, 2048px\" \/><\/div>\n\t\t<\/figure>\n\t<\/div>\n\t\t\t<\/div>\r\n\t\t\t<div class=\"simonmista_slideshow__item\"  style=\"background-color:\">\r\n\t\t\t\t\n\t<div  class=\"wpb_single_image wpb_content_element vc_align_left wpb_content_element\">\n\t\t\n\t\t<figure class=\"wpb_wrapper vc_figure\">\n\t\t\t<div class=\"vc_single_image-wrapper   vc_box_border_grey\"><img decoding=\"async\" width=\"2048\" height=\"2048\" src=\"https:\/\/www.dworekmarmis.pl\/app\/uploads\/2022\/05\/20231018_211354-scaled.jpg\" class=\"vc_single_image-img attachment-full\" alt=\"Rack-Pool, Trampolin und Volleyball auf der Wiese, umgeben von B\u00e4umen.\" title=\"20231018_211354\" srcset=\"https:\/\/www.dworekmarmis.pl\/app\/uploads\/2022\/05\/20231018_211354-scaled.jpg 2048w, https:\/\/www.dworekmarmis.pl\/app\/uploads\/2022\/05\/20231018_211354-300x300.jpg 300w, https:\/\/www.dworekmarmis.pl\/app\/uploads\/2022\/05\/20231018_211354-1024x1024.jpg 1024w, https:\/\/www.dworekmarmis.pl\/app\/uploads\/2022\/05\/20231018_211354-150x150.jpg 150w, https:\/\/www.dworekmarmis.pl\/app\/uploads\/2022\/05\/20231018_211354-768x768.jpg 768w, https:\/\/www.dworekmarmis.pl\/app\/uploads\/2022\/05\/20231018_211354-1536x1536.jpg 1536w, https:\/\/www.dworekmarmis.pl\/app\/uploads\/2022\/05\/20231018_211354-12x12.jpg 12w, https:\/\/www.dworekmarmis.pl\/app\/uploads\/2022\/05\/20231018_211354-600x600.jpg 600w, https:\/\/www.dworekmarmis.pl\/app\/uploads\/2022\/05\/20231018_211354-100x100.jpg 100w\" sizes=\"(max-width: 2048px) 100vw, 2048px\" \/><\/div>\n\t\t<\/figure>\n\t<\/div>\n\t\t\t<\/div>\r\n\t\t\t<div class=\"simonmista_slideshow__item\"  style=\"background-color:\">\r\n\t\t\t\t\n\t<div  class=\"wpb_single_image wpb_content_element vc_align_left wpb_content_element\">\n\t\t\n\t\t<figure class=\"wpb_wrapper vc_figure\">\n\t\t\t<div class=\"vc_single_image-wrapper   vc_box_border_grey\"><img decoding=\"async\" width=\"2002\" height=\"2004\" src=\"https:\/\/www.dworekmarmis.pl\/app\/uploads\/2022\/05\/20220504_204827-1.jpg\" class=\"vc_single_image-img attachment-full\" alt=\"Garten mit Holztisch und St\u00fchlen unter einem Sonnenschirm, umgeben von gr\u00fcnen Str\u00e4uchern und einer Wand aus Holz.\" title=\"20220504_204827\" srcset=\"https:\/\/www.dworekmarmis.pl\/app\/uploads\/2022\/05\/20220504_204827-1.jpg 2002w, https:\/\/www.dworekmarmis.pl\/app\/uploads\/2022\/05\/20220504_204827-1-600x601.jpg 600w, https:\/\/www.dworekmarmis.pl\/app\/uploads\/2022\/05\/20220504_204827-1-100x100.jpg 100w, https:\/\/www.dworekmarmis.pl\/app\/uploads\/2022\/05\/20220504_204827-1-300x300.jpg 300w, https:\/\/www.dworekmarmis.pl\/app\/uploads\/2022\/05\/20220504_204827-1-1024x1024.jpg 1024w, https:\/\/www.dworekmarmis.pl\/app\/uploads\/2022\/05\/20220504_204827-1-150x150.jpg 150w, https:\/\/www.dworekmarmis.pl\/app\/uploads\/2022\/05\/20220504_204827-1-768x769.jpg 768w, https:\/\/www.dworekmarmis.pl\/app\/uploads\/2022\/05\/20220504_204827-1-1534x1536.jpg 1534w, https:\/\/www.dworekmarmis.pl\/app\/uploads\/2022\/05\/20220504_204827-1-12x12.jpg 12w\" sizes=\"(max-width: 2002px) 100vw, 2002px\" \/><\/div>\n\t\t<\/figure>\n\t<\/div>\n\t\t\t<\/div>\r\n\t\t\t<div class=\"simonmista_slideshow__item\"  style=\"background-color:\">\r\n\t\t\t\t\n\t<div  class=\"wpb_single_image wpb_content_element vc_align_left wpb_content_element\">\n\t\t\n\t\t<figure class=\"wpb_wrapper vc_figure\">\n\t\t\t<div class=\"vc_single_image-wrapper   vc_box_border_grey\"><img decoding=\"async\" width=\"2048\" height=\"2048\" src=\"https:\/\/www.dworekmarmis.pl\/app\/uploads\/2025\/05\/20250501_192616-scaled.jpg\" class=\"vc_single_image-img attachment-full\" alt=\"Ein bunter Hei\u00dfluftballon schwebt \u00fcber einer Gr\u00fcnfl\u00e4che mit B\u00e4umen und Str\u00e4uchern.\" title=\"20250501_192616\" srcset=\"https:\/\/www.dworekmarmis.pl\/app\/uploads\/2025\/05\/20250501_192616-scaled.jpg 2048w, https:\/\/www.dworekmarmis.pl\/app\/uploads\/2025\/05\/20250501_192616-300x300.jpg 300w, https:\/\/www.dworekmarmis.pl\/app\/uploads\/2025\/05\/20250501_192616-1024x1024.jpg 1024w, https:\/\/www.dworekmarmis.pl\/app\/uploads\/2025\/05\/20250501_192616-150x150.jpg 150w, https:\/\/www.dworekmarmis.pl\/app\/uploads\/2025\/05\/20250501_192616-768x768.jpg 768w, https:\/\/www.dworekmarmis.pl\/app\/uploads\/2025\/05\/20250501_192616-1536x1536.jpg 1536w, https:\/\/www.dworekmarmis.pl\/app\/uploads\/2025\/05\/20250501_192616-12x12.jpg 12w\" sizes=\"(max-width: 2048px) 100vw, 2048px\" \/><\/div>\n\t\t<\/figure>\n\t<\/div>\n\t\t\t<\/div>\r\n\t\t\t<div class=\"simonmista_slideshow__item\"  style=\"background-color:\">\r\n\t\t\t\t\n\t<div  class=\"wpb_single_image wpb_content_element vc_align_left wpb_content_element\">\n\t\t\n\t\t<figure class=\"wpb_wrapper vc_figure\">\n\t\t\t<div class=\"vc_single_image-wrapper   vc_box_border_grey\"><img decoding=\"async\" width=\"2048\" height=\"2048\" src=\"https:\/\/www.dworekmarmis.pl\/app\/uploads\/2024\/07\/20240706_115600-scaled.jpg\" class=\"vc_single_image-img attachment-full\" alt=\"Gartenliege mit grauem Bezug und Armlehnen aus Holz, neben einem Holztisch, mit einem Zelt und Sandkasten im Hintergrund.\" title=\"20240706_115600\" srcset=\"https:\/\/www.dworekmarmis.pl\/app\/uploads\/2024\/07\/20240706_115600-scaled.jpg 2048w, https:\/\/www.dworekmarmis.pl\/app\/uploads\/2024\/07\/20240706_115600-300x300.jpg 300w, https:\/\/www.dworekmarmis.pl\/app\/uploads\/2024\/07\/20240706_115600-1024x1024.jpg 1024w, https:\/\/www.dworekmarmis.pl\/app\/uploads\/2024\/07\/20240706_115600-150x150.jpg 150w, https:\/\/www.dworekmarmis.pl\/app\/uploads\/2024\/07\/20240706_115600-768x768.jpg 768w, https:\/\/www.dworekmarmis.pl\/app\/uploads\/2024\/07\/20240706_115600-1536x1536.jpg 1536w, https:\/\/www.dworekmarmis.pl\/app\/uploads\/2024\/07\/20240706_115600-12x12.jpg 12w\" sizes=\"(max-width: 2048px) 100vw, 2048px\" \/><\/div>\n\t\t<\/figure>\n\t<\/div>\n\t\t\t<\/div>\r\n\t\t\t<div class=\"simonmista_slideshow__item\"  style=\"background-color:\">\r\n\t\t\t\t\n\t<div  class=\"wpb_single_image wpb_content_element vc_align_left wpb_content_element\">\n\t\t\n\t\t<figure class=\"wpb_wrapper vc_figure\">\n\t\t\t<div class=\"vc_single_image-wrapper   vc_box_border_grey\"><img decoding=\"async\" width=\"2048\" height=\"2048\" src=\"https:\/\/www.dworekmarmis.pl\/app\/uploads\/2024\/10\/20241001_160013-scaled.jpg\" class=\"vc_single_image-img attachment-full\" alt=\"Ein Blick auf den Au\u00dfenbereich mit einem Steindach, einem Tisch, einem Trampolin und einem Auto in der Einfahrt.\" title=\"20241001_160013\" srcset=\"https:\/\/www.dworekmarmis.pl\/app\/uploads\/2024\/10\/20241001_160013-scaled.jpg 2048w, https:\/\/www.dworekmarmis.pl\/app\/uploads\/2024\/10\/20241001_160013-300x300.jpg 300w, https:\/\/www.dworekmarmis.pl\/app\/uploads\/2024\/10\/20241001_160013-1024x1024.jpg 1024w, https:\/\/www.dworekmarmis.pl\/app\/uploads\/2024\/10\/20241001_160013-150x150.jpg 150w, https:\/\/www.dworekmarmis.pl\/app\/uploads\/2024\/10\/20241001_160013-768x768.jpg 768w, https:\/\/www.dworekmarmis.pl\/app\/uploads\/2024\/10\/20241001_160013-1536x1536.jpg 1536w, https:\/\/www.dworekmarmis.pl\/app\/uploads\/2024\/10\/20241001_160013-12x12.jpg 12w\" sizes=\"(max-width: 2048px) 100vw, 2048px\" \/><\/div>\n\t\t<\/figure>\n\t<\/div>\n\t\t\t<\/div>\r\n\t\t\t<div class=\"simonmista_slideshow__item\"  style=\"background-color:\">\r\n\t\t\t\t\n\t<div  class=\"wpb_single_image wpb_content_element vc_align_left wpb_content_element\">\n\t\t\n\t\t<figure class=\"wpb_wrapper vc_figure\">\n\t\t\t<div class=\"vc_single_image-wrapper   vc_box_border_grey\"><img decoding=\"async\" width=\"2048\" height=\"2048\" src=\"https:\/\/www.dworekmarmis.pl\/app\/uploads\/2024\/07\/20240628_182127-scaled.jpg\" class=\"vc_single_image-img attachment-full\" alt=\"Ein Hochzeitszelt auf der Wiese, umgeben von B\u00e4umen, mit Liegest\u00fchlen in der N\u00e4he.\" title=\"20240628_182127\" srcset=\"https:\/\/www.dworekmarmis.pl\/app\/uploads\/2024\/07\/20240628_182127-scaled.jpg 2048w, https:\/\/www.dworekmarmis.pl\/app\/uploads\/2024\/07\/20240628_182127-300x300.jpg 300w, https:\/\/www.dworekmarmis.pl\/app\/uploads\/2024\/07\/20240628_182127-1024x1024.jpg 1024w, https:\/\/www.dworekmarmis.pl\/app\/uploads\/2024\/07\/20240628_182127-150x150.jpg 150w, https:\/\/www.dworekmarmis.pl\/app\/uploads\/2024\/07\/20240628_182127-768x768.jpg 768w, https:\/\/www.dworekmarmis.pl\/app\/uploads\/2024\/07\/20240628_182127-1536x1536.jpg 1536w, https:\/\/www.dworekmarmis.pl\/app\/uploads\/2024\/07\/20240628_182127-12x12.jpg 12w\" sizes=\"(max-width: 2048px) 100vw, 2048px\" \/><\/div>\n\t\t<\/figure>\n\t<\/div>\n\t\t\t<\/div>\r\n\t\t\t<div class=\"simonmista_slideshow__item\"  style=\"background-color:\">\r\n\t\t\t\t\n\t<div  class=\"wpb_single_image wpb_content_element vc_align_left wpb_content_element\">\n\t\t\n\t\t<figure class=\"wpb_wrapper vc_figure\">\n\t\t\t<div class=\"vc_single_image-wrapper   vc_box_border_grey\"><img decoding=\"async\" width=\"2048\" height=\"2048\" src=\"https:\/\/www.dworekmarmis.pl\/app\/uploads\/2022\/05\/20220829_172938-scaled.jpg\" class=\"vc_single_image-img attachment-full\" alt=\"Eine Holzbr\u00fccke, die \u00fcber einen Bach f\u00fchrt, umgeben von gr\u00fcnen Gr\u00e4sern und B\u00e4umen.\" title=\"20220829_172938\" srcset=\"https:\/\/www.dworekmarmis.pl\/app\/uploads\/2022\/05\/20220829_172938-scaled.jpg 2048w, https:\/\/www.dworekmarmis.pl\/app\/uploads\/2022\/05\/20220829_172938-300x300.jpg 300w, https:\/\/www.dworekmarmis.pl\/app\/uploads\/2022\/05\/20220829_172938-1024x1024.jpg 1024w, https:\/\/www.dworekmarmis.pl\/app\/uploads\/2022\/05\/20220829_172938-150x150.jpg 150w, https:\/\/www.dworekmarmis.pl\/app\/uploads\/2022\/05\/20220829_172938-768x768.jpg 768w, https:\/\/www.dworekmarmis.pl\/app\/uploads\/2022\/05\/20220829_172938-1536x1536.jpg 1536w, https:\/\/www.dworekmarmis.pl\/app\/uploads\/2022\/05\/20220829_172938-12x12.jpg 12w, https:\/\/www.dworekmarmis.pl\/app\/uploads\/2022\/05\/20220829_172938-600x600.jpg 600w, https:\/\/www.dworekmarmis.pl\/app\/uploads\/2022\/05\/20220829_172938-100x100.jpg 100w\" sizes=\"(max-width: 2048px) 100vw, 2048px\" \/><\/div>\n\t\t<\/figure>\n\t<\/div>\n\t\t\t<\/div>\r\n\t\t\t<div class=\"simonmista_slideshow__item\"  style=\"background-color:\">\r\n\t\t\t\t\n\t<div  class=\"wpb_single_image wpb_content_element vc_align_left wpb_content_element\">\n\t\t\n\t\t<figure class=\"wpb_wrapper vc_figure\">\n\t\t\t<div class=\"vc_single_image-wrapper   vc_box_border_grey\"><img decoding=\"async\" width=\"2048\" height=\"2048\" src=\"https:\/\/www.dworekmarmis.pl\/app\/uploads\/2025\/09\/20250828_143257-scaled.jpg\" class=\"vc_single_image-img attachment-full\" alt=\"Alt: Ein Pavillon mit Holzw\u00e4nden und -dach, umgeben von gr\u00fcnem Rasen und B\u00e4umen auf Marmis Manor.\" title=\"20250828_143257\" srcset=\"https:\/\/www.dworekmarmis.pl\/app\/uploads\/2025\/09\/20250828_143257-scaled.jpg 2048w, https:\/\/www.dworekmarmis.pl\/app\/uploads\/2025\/09\/20250828_143257-300x300.jpg 300w, https:\/\/www.dworekmarmis.pl\/app\/uploads\/2025\/09\/20250828_143257-1024x1024.jpg 1024w, https:\/\/www.dworekmarmis.pl\/app\/uploads\/2025\/09\/20250828_143257-150x150.jpg 150w, https:\/\/www.dworekmarmis.pl\/app\/uploads\/2025\/09\/20250828_143257-768x768.jpg 768w, https:\/\/www.dworekmarmis.pl\/app\/uploads\/2025\/09\/20250828_143257-1536x1536.jpg 1536w, https:\/\/www.dworekmarmis.pl\/app\/uploads\/2025\/09\/20250828_143257-12x12.jpg 12w\" sizes=\"(max-width: 2048px) 100vw, 2048px\" \/><\/div>\n\t\t<\/figure>\n\t<\/div>\n\t\t\t<\/div>\r\n\t\t\t<div class=\"simonmista_slideshow__item\"  style=\"background-color:\">\r\n\t\t\t\t\n\t<div  class=\"wpb_single_image wpb_content_element vc_align_left wpb_content_element\">\n\t\t\n\t\t<figure class=\"wpb_wrapper vc_figure\">\n\t\t\t<div class=\"vc_single_image-wrapper   vc_box_border_grey\"><img decoding=\"async\" width=\"2048\" height=\"2048\" src=\"https:\/\/www.dworekmarmis.pl\/app\/uploads\/2024\/09\/20240822_170002-scaled.jpg\" class=\"vc_single_image-img attachment-full\" alt=\"Eine Steinmauer mit gro\u00dfen Felsbrocken, daneben eine M\u00fclltonne aus Metall, ein Geb\u00e4ude mit Fenstern und ein Holzstapel im Hintergrund.\" title=\"20240822_170002\" srcset=\"https:\/\/www.dworekmarmis.pl\/app\/uploads\/2024\/09\/20240822_170002-scaled.jpg 2048w, https:\/\/www.dworekmarmis.pl\/app\/uploads\/2024\/09\/20240822_170002-300x300.jpg 300w, https:\/\/www.dworekmarmis.pl\/app\/uploads\/2024\/09\/20240822_170002-1024x1024.jpg 1024w, https:\/\/www.dworekmarmis.pl\/app\/uploads\/2024\/09\/20240822_170002-150x150.jpg 150w, https:\/\/www.dworekmarmis.pl\/app\/uploads\/2024\/09\/20240822_170002-768x768.jpg 768w, https:\/\/www.dworekmarmis.pl\/app\/uploads\/2024\/09\/20240822_170002-1536x1536.jpg 1536w, https:\/\/www.dworekmarmis.pl\/app\/uploads\/2024\/09\/20240822_170002-12x12.jpg 12w\" sizes=\"(max-width: 2048px) 100vw, 2048px\" \/><\/div>\n\t\t<\/figure>\n\t<\/div>\n\t\t\t<\/div>\r\n\t\t\t<div class=\"simonmista_slideshow__item\"  style=\"background-color:\">\r\n\t\t\t\t\n\t<div  class=\"wpb_single_image wpb_content_element vc_align_left wpb_content_element\">\n\t\t\n\t\t<figure class=\"wpb_wrapper vc_figure\">\n\t\t\t<div class=\"vc_single_image-wrapper   vc_box_border_grey\"><img decoding=\"async\" width=\"2048\" height=\"2048\" src=\"https:\/\/www.dworekmarmis.pl\/app\/uploads\/2022\/05\/20220819_182139-scaled.jpg\" class=\"vc_single_image-img attachment-full\" alt=\"Eine Holzbr\u00fccke, die \u00fcber das Gr\u00fcn f\u00fchrt, umgeben von B\u00e4umen und Steinen.\" title=\"20220819_182139\" srcset=\"https:\/\/www.dworekmarmis.pl\/app\/uploads\/2022\/05\/20220819_182139-scaled.jpg 2048w, https:\/\/www.dworekmarmis.pl\/app\/uploads\/2022\/05\/20220819_182139-300x300.jpg 300w, https:\/\/www.dworekmarmis.pl\/app\/uploads\/2022\/05\/20220819_182139-1024x1024.jpg 1024w, https:\/\/www.dworekmarmis.pl\/app\/uploads\/2022\/05\/20220819_182139-150x150.jpg 150w, https:\/\/www.dworekmarmis.pl\/app\/uploads\/2022\/05\/20220819_182139-768x768.jpg 768w, https:\/\/www.dworekmarmis.pl\/app\/uploads\/2022\/05\/20220819_182139-1536x1536.jpg 1536w, https:\/\/www.dworekmarmis.pl\/app\/uploads\/2022\/05\/20220819_182139-12x12.jpg 12w, https:\/\/www.dworekmarmis.pl\/app\/uploads\/2022\/05\/20220819_182139-600x600.jpg 600w, https:\/\/www.dworekmarmis.pl\/app\/uploads\/2022\/05\/20220819_182139-100x100.jpg 100w\" sizes=\"(max-width: 2048px) 100vw, 2048px\" \/><\/div>\n\t\t<\/figure>\n\t<\/div>\n\t\t\t<\/div>\r\n\t\t\t<div class=\"simonmista_slideshow__item\"  style=\"background-color:\">\r\n\t\t\t\t\n\t<div  class=\"wpb_single_image wpb_content_element vc_align_left wpb_content_element\">\n\t\t\n\t\t<figure class=\"wpb_wrapper vc_figure\">\n\t\t\t<div class=\"vc_single_image-wrapper   vc_box_border_grey\"><img decoding=\"async\" width=\"2048\" height=\"2048\" src=\"https:\/\/www.dworekmarmis.pl\/app\/uploads\/2025\/09\/20250828_143323-1-scaled.jpg\" class=\"vc_single_image-img attachment-full\" alt=\"Ein Lagerfeuer, umgeben von Holzb\u00e4nken in einer gr\u00fcnen Umgebung, mit einem Pavillon im Hintergrund.\" title=\"20250828_143323\" srcset=\"https:\/\/www.dworekmarmis.pl\/app\/uploads\/2025\/09\/20250828_143323-1-scaled.jpg 2048w, https:\/\/www.dworekmarmis.pl\/app\/uploads\/2025\/09\/20250828_143323-1-300x300.jpg 300w, https:\/\/www.dworekmarmis.pl\/app\/uploads\/2025\/09\/20250828_143323-1-1024x1024.jpg 1024w, https:\/\/www.dworekmarmis.pl\/app\/uploads\/2025\/09\/20250828_143323-1-150x150.jpg 150w, https:\/\/www.dworekmarmis.pl\/app\/uploads\/2025\/09\/20250828_143323-1-768x768.jpg 768w, https:\/\/www.dworekmarmis.pl\/app\/uploads\/2025\/09\/20250828_143323-1-1536x1536.jpg 1536w, https:\/\/www.dworekmarmis.pl\/app\/uploads\/2025\/09\/20250828_143323-1-12x12.jpg 12w\" sizes=\"(max-width: 2048px) 100vw, 2048px\" \/><\/div>\n\t\t<\/figure>\n\t<\/div>\n\t\t\t<\/div>\r\n\t\t\t\t<\/div>\r\n\t\t\t<\/div>\r\n\t\t<\/div><\/div><\/div><\/div>\n<\/div>","protected":false},"excerpt":{"rendered":"Der Garten des Anwesens ist ein malerischer Ort mit einem weitl\u00e4ufigen Waldpark. Im Sommer k\u00f6nnen die G\u00e4ste den Swimmingpool im Garten genie\u00dfen, der f\u00fcr Erfrischung und Entspannung sorgt. Schaukeln, eine H\u00e4ngematte und ein Sandkasten laden die Kleinen zum Spielen ein, und die gro\u00dfe Terrasse mit Grill ist der ideale Ort f\u00fcr gemeinsame Treffen und Feste im Freien. Au\u00dferdem finden Sie einen Spielplatz ...","protected":false},"author":1,"featured_media":2412,"parent":0,"menu_order":0,"comment_status":"closed","ping_status":"closed","template":"","meta":{"_acf_changed":false,"footnotes":""},"class_list":["post-1935","page","type-page","status-publish","has-post-thumbnail","hentry"],"acf":[],"aioseo_notices":[],"_links":{"self":[{"href":"https:\/\/www.dworekmarmis.pl\/de\/wp-json\/wp\/v2\/pages\/1935","targetHints":{"allow":["GET"]}}],"collection":[{"href":"https:\/\/www.dworekmarmis.pl\/de\/wp-json\/wp\/v2\/pages"}],"about":[{"href":"https:\/\/www.dworekmarmis.pl\/de\/wp-json\/wp\/v2\/types\/page"}],"author":[{"embeddable":true,"href":"https:\/\/www.dworekmarmis.pl\/de\/wp-json\/wp\/v2\/users\/1"}],"replies":[{"embeddable":true,"href":"https:\/\/www.dworekmarmis.pl\/de\/wp-json\/wp\/v2\/comments?post=1935"}],"version-history":[{"count":20,"href":"https:\/\/www.dworekmarmis.pl\/de\/wp-json\/wp\/v2\/pages\/1935\/revisions"}],"predecessor-version":[{"id":2864,"href":"https:\/\/www.dworekmarmis.pl\/de\/wp-json\/wp\/v2\/pages\/1935\/revisions\/2864"}],"wp:featuredmedia":[{"embeddable":true,"href":"https:\/\/www.dworekmarmis.pl\/de\/wp-json\/wp\/v2\/media\/2412"}],"wp:attachment":[{"href":"https:\/\/www.dworekmarmis.pl\/de\/wp-json\/wp\/v2\/media?parent=1935"}],"curies":[{"name":"wp","href":"https:\/\/api.w.org\/{rel}","templated":true}]}}