{"id":1935,"date":"2024-01-09T13:21:16","date_gmt":"2024-01-09T12:21:16","guid":{"rendered":"https:\/\/dworekmarmis.simonmista.de\/?page_id=1935"},"modified":"2026-07-31T18:25:42","modified_gmt":"2026-07-31T16:25:42","slug":"zahrada-na-terase","status":"publish","type":"page","link":"https:\/\/www.dworekmarmis.pl\/cs\/ogrod-patio\/","title":{"rendered":"Zahrada, Patio"},"content":{"rendered":"<div class=\"wpb-content-wrapper\" id=\"wpb-content-root\"><div class=\"vc_row wpb_row vc_row-fluid\"><div class=\"wpb_column vc_column_container vc_col-sm-10\"><div class=\"vc_column-inner\"><div class=\"wpb_wrapper\">\n\t<div class=\"wpb_text_column wpb_content_element\" >\n\t\t<div class=\"wpb_wrapper\">\n\t\t\t<p>Zahrada objektu se nach\u00e1z\u00ed na malebn\u00e9m m\u00edst\u011b s rozs\u00e1hl\u00fdm lesoparkem. V l\u00e9t\u011b se host\u00e9 mohou osv\u011b\u017eit a relaxovat v zahradn\u00edm baz\u00e9nu. Houpa\u010dky, houpac\u00ed s\u00ed\u0165 a p\u00edskovi\u0161t\u011b jsou skv\u011bl\u00fdm m\u00edstem pro hry nejmen\u0161\u00edch a velk\u00e1 terasa s grilem je ide\u00e1ln\u00edm m\u00edstem pro spole\u010dn\u00e1 setk\u00e1n\u00ed a venkovn\u00ed hostiny. Najdete zde tak\u00e9 badmintonov\u00e9 h\u0159i\u0161t\u011b, kter\u00e9 poskytuje z\u00e1bavu i fyzickou aktivitu. Krom\u011b toho tvo\u0159\u00ed p\u016fvabn\u00fd prvek zahrady malebn\u00fd most p\u0159es potok, kter\u00fd spojuje ob\u011b strany pozemku. Zvuk tekouc\u00edho potoka p\u0159isp\u00edv\u00e1 k p\u0159\u00edrodn\u00ed harmonii a most se st\u00e1v\u00e1 m\u00edstem, kde si host\u00e9 mohou vychutnat klid a kr\u00e1su okoln\u00ed p\u0159\u00edrody.<\/p>\n\n\t\t<\/div>\n\t<\/div>\n<\/div><\/div><\/div><\/div><div class=\"vc_row wpb_row vc_row-fluid\"><div class=\"wpb_column vc_column_container vc_col-sm-12\"><div class=\"vc_column-inner\"><div class=\"wpb_wrapper\">\t\t\t<div class=\"simonmista_slideshow\">\r\n\t\t\t\t<div class=\"simonmista_slideshow__owl simonmista_slideshow__owl__1 owl-carousel owl-stage-overflow\" data-owl-options='{\"loop\":\"true\",\"margin\":1,\"autoHeight\":false,\"slideTransition\":\"\",\"center\":false,\"nav\":false,\"dots\":false,\"stagePadding\":\"0\",\"autoWidth\":false,\"rtl\":false,\"autoplaySpeed\":false,\"autoplay\":false,\"responsiveClass\":true,\"autoplayTimeout\":\"5000\",\"autoplayHoverPause\":false,\"responsive\":{\"0\":{\"items\":\"1\"},\"768\":{\"items\":\"2\"},\"992\":{\"items\":\"3\"}}}'>\r\n\t\t\t\t\t\t\t\t\t\t\t\t\t<div class=\"simonmista_slideshow__item\"  style=\"background-color:\">\r\n\t\t\t\t\n\t<div  class=\"wpb_single_image wpb_content_element vc_align_left wpb_content_element\">\n\t\t\n\t\t<figure class=\"wpb_wrapper vc_figure\">\n\t\t\t<div class=\"vc_single_image-wrapper\"><img decoding=\"async\" width=\"2048\" height=\"2048\" src=\"https:\/\/www.dworekmarmis.pl\/app\/uploads\/2026\/07\/20260627_161758-scaled.jpg\" class=\"vc_single_image-img attachment-full\" alt=\"Zelen\u00e1 zahrada s kamennou terasou, slune\u010dn\u00edkem a zahradn\u00edm n\u00e1bytkem, obklopen\u00e1 kv\u011btinami.\" title=\"20260627_161758\" srcset=\"https:\/\/www.dworekmarmis.pl\/app\/uploads\/2026\/07\/20260627_161758-scaled.jpg 2048w, https:\/\/www.dworekmarmis.pl\/app\/uploads\/2026\/07\/20260627_161758-300x300.jpg 300w, https:\/\/www.dworekmarmis.pl\/app\/uploads\/2026\/07\/20260627_161758-1024x1024.jpg 1024w, https:\/\/www.dworekmarmis.pl\/app\/uploads\/2026\/07\/20260627_161758-150x150.jpg 150w, https:\/\/www.dworekmarmis.pl\/app\/uploads\/2026\/07\/20260627_161758-768x768.jpg 768w, https:\/\/www.dworekmarmis.pl\/app\/uploads\/2026\/07\/20260627_161758-1536x1536.jpg 1536w, https:\/\/www.dworekmarmis.pl\/app\/uploads\/2026\/07\/20260627_161758-12x12.jpg 12w\" sizes=\"(max-width: 2048px) 100vw, 2048px\" \/><\/div>\n\t\t<\/figure>\n\t<\/div>\n\t\t\t<\/div>\r\n\t\t\t<div class=\"simonmista_slideshow__item\"  style=\"background-color:\">\r\n\t\t\t\t\n\t<div  class=\"wpb_single_image wpb_content_element vc_align_left wpb_content_element\">\n\t\t\n\t\t<figure class=\"wpb_wrapper vc_figure\">\n\t\t\t<div class=\"vc_single_image-wrapper\"><img decoding=\"async\" width=\"2048\" height=\"2048\" src=\"https:\/\/www.dworekmarmis.pl\/app\/uploads\/2024\/10\/20240711_195836-scaled.jpg\" class=\"vc_single_image-img attachment-full\" alt=\"Kryt\u00e9 posezen\u00ed s d\u0159ev\u011bn\u00fdmi \u017eidlemi a stolem, v pozad\u00ed stan na tr\u00e1v\u011b.\" title=\"20240711_195836\" srcset=\"https:\/\/www.dworekmarmis.pl\/app\/uploads\/2024\/10\/20240711_195836-scaled.jpg 2048w, https:\/\/www.dworekmarmis.pl\/app\/uploads\/2024\/10\/20240711_195836-300x300.jpg 300w, https:\/\/www.dworekmarmis.pl\/app\/uploads\/2024\/10\/20240711_195836-1024x1024.jpg 1024w, https:\/\/www.dworekmarmis.pl\/app\/uploads\/2024\/10\/20240711_195836-150x150.jpg 150w, https:\/\/www.dworekmarmis.pl\/app\/uploads\/2024\/10\/20240711_195836-768x768.jpg 768w, https:\/\/www.dworekmarmis.pl\/app\/uploads\/2024\/10\/20240711_195836-1536x1536.jpg 1536w, https:\/\/www.dworekmarmis.pl\/app\/uploads\/2024\/10\/20240711_195836-12x12.jpg 12w\" sizes=\"(max-width: 2048px) 100vw, 2048px\" \/><\/div>\n\t\t<\/figure>\n\t<\/div>\n\t\t\t<\/div>\r\n\t\t\t<div class=\"simonmista_slideshow__item\"  style=\"background-color:\">\r\n\t\t\t\t\n\t<div  class=\"wpb_single_image wpb_content_element vc_align_left wpb_content_element\">\n\t\t\n\t\t<figure class=\"wpb_wrapper vc_figure\">\n\t\t\t<div class=\"vc_single_image-wrapper\"><img decoding=\"async\" width=\"2048\" height=\"2048\" src=\"https:\/\/www.dworekmarmis.pl\/app\/uploads\/2022\/05\/20231018_211354-scaled.jpg\" class=\"vc_single_image-img attachment-full\" alt=\"Rack baz\u00e9n, trampol\u00edna a volejbal na tr\u00e1v\u011b obklopen\u00e9 stromy.\" title=\"20231018_211354\" srcset=\"https:\/\/www.dworekmarmis.pl\/app\/uploads\/2022\/05\/20231018_211354-scaled.jpg 2048w, https:\/\/www.dworekmarmis.pl\/app\/uploads\/2022\/05\/20231018_211354-300x300.jpg 300w, https:\/\/www.dworekmarmis.pl\/app\/uploads\/2022\/05\/20231018_211354-1024x1024.jpg 1024w, https:\/\/www.dworekmarmis.pl\/app\/uploads\/2022\/05\/20231018_211354-150x150.jpg 150w, https:\/\/www.dworekmarmis.pl\/app\/uploads\/2022\/05\/20231018_211354-768x768.jpg 768w, https:\/\/www.dworekmarmis.pl\/app\/uploads\/2022\/05\/20231018_211354-1536x1536.jpg 1536w, https:\/\/www.dworekmarmis.pl\/app\/uploads\/2022\/05\/20231018_211354-12x12.jpg 12w, https:\/\/www.dworekmarmis.pl\/app\/uploads\/2022\/05\/20231018_211354-600x600.jpg 600w, https:\/\/www.dworekmarmis.pl\/app\/uploads\/2022\/05\/20231018_211354-100x100.jpg 100w\" sizes=\"(max-width: 2048px) 100vw, 2048px\" \/><\/div>\n\t\t<\/figure>\n\t<\/div>\n\t\t\t<\/div>\r\n\t\t\t<div class=\"simonmista_slideshow__item\"  style=\"background-color:\">\r\n\t\t\t\t\n\t<div  class=\"wpb_single_image wpb_content_element vc_align_left wpb_content_element\">\n\t\t\n\t\t<figure class=\"wpb_wrapper vc_figure\">\n\t\t\t<div class=\"vc_single_image-wrapper\"><img decoding=\"async\" width=\"2002\" height=\"2004\" src=\"https:\/\/www.dworekmarmis.pl\/app\/uploads\/2022\/05\/20220504_204827-1.jpg\" class=\"vc_single_image-img attachment-full\" alt=\"Zahrada s d\u0159ev\u011bn\u00fdm stolem a \u017eidlemi pod slune\u010dn\u00edkem, obklopen\u00e1 zelen\u00fdmi ke\u0159i a d\u0159ev\u011bnou st\u011bnou.\" title=\"20220504_204827\" srcset=\"https:\/\/www.dworekmarmis.pl\/app\/uploads\/2022\/05\/20220504_204827-1.jpg 2002w, https:\/\/www.dworekmarmis.pl\/app\/uploads\/2022\/05\/20220504_204827-1-600x601.jpg 600w, https:\/\/www.dworekmarmis.pl\/app\/uploads\/2022\/05\/20220504_204827-1-100x100.jpg 100w, https:\/\/www.dworekmarmis.pl\/app\/uploads\/2022\/05\/20220504_204827-1-300x300.jpg 300w, https:\/\/www.dworekmarmis.pl\/app\/uploads\/2022\/05\/20220504_204827-1-1024x1024.jpg 1024w, https:\/\/www.dworekmarmis.pl\/app\/uploads\/2022\/05\/20220504_204827-1-150x150.jpg 150w, https:\/\/www.dworekmarmis.pl\/app\/uploads\/2022\/05\/20220504_204827-1-768x769.jpg 768w, https:\/\/www.dworekmarmis.pl\/app\/uploads\/2022\/05\/20220504_204827-1-1534x1536.jpg 1534w, https:\/\/www.dworekmarmis.pl\/app\/uploads\/2022\/05\/20220504_204827-1-12x12.jpg 12w\" sizes=\"(max-width: 2002px) 100vw, 2002px\" \/><\/div>\n\t\t<\/figure>\n\t<\/div>\n\t\t\t<\/div>\r\n\t\t\t<div class=\"simonmista_slideshow__item\"  style=\"background-color:\">\r\n\t\t\t\t\n\t<div  class=\"wpb_single_image wpb_content_element vc_align_left wpb_content_element\">\n\t\t\n\t\t<figure class=\"wpb_wrapper vc_figure\">\n\t\t\t<div class=\"vc_single_image-wrapper\"><img decoding=\"async\" width=\"2048\" height=\"2048\" src=\"https:\/\/www.dworekmarmis.pl\/app\/uploads\/2025\/05\/20250501_192616-scaled.jpg\" class=\"vc_single_image-img attachment-full\" alt=\"Nad zelenou plochou se stromy a ke\u0159i se vzn\u00e1\u0161\u00ed barevn\u00fd horkovzdu\u0161n\u00fd bal\u00f3n.\" title=\"20250501_192616\" srcset=\"https:\/\/www.dworekmarmis.pl\/app\/uploads\/2025\/05\/20250501_192616-scaled.jpg 2048w, https:\/\/www.dworekmarmis.pl\/app\/uploads\/2025\/05\/20250501_192616-300x300.jpg 300w, https:\/\/www.dworekmarmis.pl\/app\/uploads\/2025\/05\/20250501_192616-1024x1024.jpg 1024w, https:\/\/www.dworekmarmis.pl\/app\/uploads\/2025\/05\/20250501_192616-150x150.jpg 150w, https:\/\/www.dworekmarmis.pl\/app\/uploads\/2025\/05\/20250501_192616-768x768.jpg 768w, https:\/\/www.dworekmarmis.pl\/app\/uploads\/2025\/05\/20250501_192616-1536x1536.jpg 1536w, https:\/\/www.dworekmarmis.pl\/app\/uploads\/2025\/05\/20250501_192616-12x12.jpg 12w\" sizes=\"(max-width: 2048px) 100vw, 2048px\" \/><\/div>\n\t\t<\/figure>\n\t<\/div>\n\t\t\t<\/div>\r\n\t\t\t<div class=\"simonmista_slideshow__item\"  style=\"background-color:\">\r\n\t\t\t\t\n\t<div  class=\"wpb_single_image wpb_content_element vc_align_left wpb_content_element\">\n\t\t\n\t\t<figure class=\"wpb_wrapper vc_figure\">\n\t\t\t<div class=\"vc_single_image-wrapper\"><img decoding=\"async\" width=\"2048\" height=\"2048\" src=\"https:\/\/www.dworekmarmis.pl\/app\/uploads\/2024\/07\/20240706_115600-scaled.jpg\" class=\"vc_single_image-img attachment-full\" alt=\"Zahradn\u00ed leh\u00e1tko s \u0161ed\u00fdm potahem a d\u0159ev\u011bn\u00fdmi podru\u010dkami, vedle n\u011bj d\u0159ev\u011bn\u00fd stolek, v pozad\u00ed stan a p\u00edskovi\u0161t\u011b.\" title=\"20240706_115600\" srcset=\"https:\/\/www.dworekmarmis.pl\/app\/uploads\/2024\/07\/20240706_115600-scaled.jpg 2048w, https:\/\/www.dworekmarmis.pl\/app\/uploads\/2024\/07\/20240706_115600-300x300.jpg 300w, https:\/\/www.dworekmarmis.pl\/app\/uploads\/2024\/07\/20240706_115600-1024x1024.jpg 1024w, https:\/\/www.dworekmarmis.pl\/app\/uploads\/2024\/07\/20240706_115600-150x150.jpg 150w, https:\/\/www.dworekmarmis.pl\/app\/uploads\/2024\/07\/20240706_115600-768x768.jpg 768w, https:\/\/www.dworekmarmis.pl\/app\/uploads\/2024\/07\/20240706_115600-1536x1536.jpg 1536w, https:\/\/www.dworekmarmis.pl\/app\/uploads\/2024\/07\/20240706_115600-12x12.jpg 12w\" sizes=\"(max-width: 2048px) 100vw, 2048px\" \/><\/div>\n\t\t<\/figure>\n\t<\/div>\n\t\t\t<\/div>\r\n\t\t\t<div class=\"simonmista_slideshow__item\"  style=\"background-color:\">\r\n\t\t\t\t\n\t<div  class=\"wpb_single_image wpb_content_element vc_align_left wpb_content_element\">\n\t\t\n\t\t<figure class=\"wpb_wrapper vc_figure\">\n\t\t\t<div class=\"vc_single_image-wrapper\"><img decoding=\"async\" width=\"2048\" height=\"2048\" src=\"https:\/\/www.dworekmarmis.pl\/app\/uploads\/2026\/07\/20260627_161751-scaled.jpg\" class=\"vc_single_image-img attachment-full\" alt=\"Kamenn\u00fd alt\u00e1n s p\u0159\u00edst\u0159e\u0161kem na terase, obklopen\u00fd zelen\u00fdm tr\u00e1vn\u00edkem a cesti\u010dkou z kamenn\u00fdch desek. V pozad\u00ed je vid\u011bt...\" title=\"20260627_161751\" srcset=\"https:\/\/www.dworekmarmis.pl\/app\/uploads\/2026\/07\/20260627_161751-scaled.jpg 2048w, https:\/\/www.dworekmarmis.pl\/app\/uploads\/2026\/07\/20260627_161751-300x300.jpg 300w, https:\/\/www.dworekmarmis.pl\/app\/uploads\/2026\/07\/20260627_161751-1024x1024.jpg 1024w, https:\/\/www.dworekmarmis.pl\/app\/uploads\/2026\/07\/20260627_161751-150x150.jpg 150w, https:\/\/www.dworekmarmis.pl\/app\/uploads\/2026\/07\/20260627_161751-768x768.jpg 768w, https:\/\/www.dworekmarmis.pl\/app\/uploads\/2026\/07\/20260627_161751-1536x1536.jpg 1536w, https:\/\/www.dworekmarmis.pl\/app\/uploads\/2026\/07\/20260627_161751-12x12.jpg 12w\" sizes=\"(max-width: 2048px) 100vw, 2048px\" \/><\/div>\n\t\t<\/figure>\n\t<\/div>\n\t\t\t<\/div>\r\n\t\t\t<div class=\"simonmista_slideshow__item\"  style=\"background-color:\">\r\n\t\t\t\t\n\t<div  class=\"wpb_single_image wpb_content_element vc_align_left wpb_content_element\">\n\t\t\n\t\t<figure class=\"wpb_wrapper vc_figure\">\n\t\t\t<div class=\"vc_single_image-wrapper\"><img decoding=\"async\" width=\"2048\" height=\"2048\" src=\"https:\/\/www.dworekmarmis.pl\/app\/uploads\/2024\/07\/20240628_182127-scaled.jpg\" class=\"vc_single_image-img attachment-full\" alt=\"Svatebn\u00ed stan na tr\u00e1vn\u00edku obklopen\u00e9m stromy a s leh\u00e1tky pobl\u00ed\u017e.\" title=\"20240628_182127\" srcset=\"https:\/\/www.dworekmarmis.pl\/app\/uploads\/2024\/07\/20240628_182127-scaled.jpg 2048w, https:\/\/www.dworekmarmis.pl\/app\/uploads\/2024\/07\/20240628_182127-300x300.jpg 300w, https:\/\/www.dworekmarmis.pl\/app\/uploads\/2024\/07\/20240628_182127-1024x1024.jpg 1024w, https:\/\/www.dworekmarmis.pl\/app\/uploads\/2024\/07\/20240628_182127-150x150.jpg 150w, https:\/\/www.dworekmarmis.pl\/app\/uploads\/2024\/07\/20240628_182127-768x768.jpg 768w, https:\/\/www.dworekmarmis.pl\/app\/uploads\/2024\/07\/20240628_182127-1536x1536.jpg 1536w, https:\/\/www.dworekmarmis.pl\/app\/uploads\/2024\/07\/20240628_182127-12x12.jpg 12w\" sizes=\"(max-width: 2048px) 100vw, 2048px\" \/><\/div>\n\t\t<\/figure>\n\t<\/div>\n\t\t\t<\/div>\r\n\t\t\t<div class=\"simonmista_slideshow__item\"  style=\"background-color:\">\r\n\t\t\t\t\n\t<div  class=\"wpb_single_image wpb_content_element vc_align_left wpb_content_element\">\n\t\t\n\t\t<figure class=\"wpb_wrapper vc_figure\">\n\t\t\t<div class=\"vc_single_image-wrapper\"><img decoding=\"async\" width=\"2048\" height=\"2048\" src=\"https:\/\/www.dworekmarmis.pl\/app\/uploads\/2022\/05\/20220829_172938-scaled.jpg\" class=\"vc_single_image-img attachment-full\" alt=\"D\u0159ev\u011bn\u00fd srubov\u00fd most vedouc\u00ed p\u0159es potok, obklopen\u00fd zelenou tr\u00e1vou a stromy.\" title=\"20220829_172938\" srcset=\"https:\/\/www.dworekmarmis.pl\/app\/uploads\/2022\/05\/20220829_172938-scaled.jpg 2048w, https:\/\/www.dworekmarmis.pl\/app\/uploads\/2022\/05\/20220829_172938-300x300.jpg 300w, https:\/\/www.dworekmarmis.pl\/app\/uploads\/2022\/05\/20220829_172938-1024x1024.jpg 1024w, https:\/\/www.dworekmarmis.pl\/app\/uploads\/2022\/05\/20220829_172938-150x150.jpg 150w, https:\/\/www.dworekmarmis.pl\/app\/uploads\/2022\/05\/20220829_172938-768x768.jpg 768w, https:\/\/www.dworekmarmis.pl\/app\/uploads\/2022\/05\/20220829_172938-1536x1536.jpg 1536w, https:\/\/www.dworekmarmis.pl\/app\/uploads\/2022\/05\/20220829_172938-12x12.jpg 12w, https:\/\/www.dworekmarmis.pl\/app\/uploads\/2022\/05\/20220829_172938-600x600.jpg 600w, https:\/\/www.dworekmarmis.pl\/app\/uploads\/2022\/05\/20220829_172938-100x100.jpg 100w\" sizes=\"(max-width: 2048px) 100vw, 2048px\" \/><\/div>\n\t\t<\/figure>\n\t<\/div>\n\t\t\t<\/div>\r\n\t\t\t<div class=\"simonmista_slideshow__item\"  style=\"background-color:\">\r\n\t\t\t\t\n\t<div  class=\"wpb_single_image wpb_content_element vc_align_left wpb_content_element\">\n\t\t\n\t\t<figure class=\"wpb_wrapper vc_figure\">\n\t\t\t<div class=\"vc_single_image-wrapper\"><img decoding=\"async\" width=\"2048\" height=\"2048\" src=\"https:\/\/www.dworekmarmis.pl\/app\/uploads\/2025\/09\/20250828_143257-scaled.jpg\" class=\"vc_single_image-img attachment-full\" alt=\"Alt: Alt\u00e1n s d\u0159ev\u011bn\u00fdmi st\u011bnami a st\u0159echou, obklopen\u00fd zelen\u00fdm tr\u00e1vn\u00edkem a stromy na panstv\u00ed Marmis.\" title=\"20250828_143257\" srcset=\"https:\/\/www.dworekmarmis.pl\/app\/uploads\/2025\/09\/20250828_143257-scaled.jpg 2048w, https:\/\/www.dworekmarmis.pl\/app\/uploads\/2025\/09\/20250828_143257-300x300.jpg 300w, https:\/\/www.dworekmarmis.pl\/app\/uploads\/2025\/09\/20250828_143257-1024x1024.jpg 1024w, https:\/\/www.dworekmarmis.pl\/app\/uploads\/2025\/09\/20250828_143257-150x150.jpg 150w, https:\/\/www.dworekmarmis.pl\/app\/uploads\/2025\/09\/20250828_143257-768x768.jpg 768w, https:\/\/www.dworekmarmis.pl\/app\/uploads\/2025\/09\/20250828_143257-1536x1536.jpg 1536w, https:\/\/www.dworekmarmis.pl\/app\/uploads\/2025\/09\/20250828_143257-12x12.jpg 12w\" sizes=\"(max-width: 2048px) 100vw, 2048px\" \/><\/div>\n\t\t<\/figure>\n\t<\/div>\n\t\t\t<\/div>\r\n\t\t\t<div class=\"simonmista_slideshow__item\"  style=\"background-color:\">\r\n\t\t\t\t\n\t<div  class=\"wpb_single_image wpb_content_element vc_align_left wpb_content_element\">\n\t\t\n\t\t<figure class=\"wpb_wrapper vc_figure\">\n\t\t\t<div class=\"vc_single_image-wrapper\"><img decoding=\"async\" width=\"2048\" height=\"2048\" src=\"https:\/\/www.dworekmarmis.pl\/app\/uploads\/2026\/07\/20260627_161819-scaled.jpg\" class=\"vc_single_image-img attachment-full\" alt=\"Pohled na zahradu z terasy, s kamenn\u00fdmi z\u0159\u00edceninami, d\u0159ev\u011bn\u00fdm stolem a slune\u010dn\u00edkem, obklopenou zelen\u00ed.\" title=\"20260627_161819\" srcset=\"https:\/\/www.dworekmarmis.pl\/app\/uploads\/2026\/07\/20260627_161819-scaled.jpg 2048w, https:\/\/www.dworekmarmis.pl\/app\/uploads\/2026\/07\/20260627_161819-300x300.jpg 300w, https:\/\/www.dworekmarmis.pl\/app\/uploads\/2026\/07\/20260627_161819-1024x1024.jpg 1024w, https:\/\/www.dworekmarmis.pl\/app\/uploads\/2026\/07\/20260627_161819-150x150.jpg 150w, https:\/\/www.dworekmarmis.pl\/app\/uploads\/2026\/07\/20260627_161819-768x768.jpg 768w, https:\/\/www.dworekmarmis.pl\/app\/uploads\/2026\/07\/20260627_161819-1536x1536.jpg 1536w, https:\/\/www.dworekmarmis.pl\/app\/uploads\/2026\/07\/20260627_161819-12x12.jpg 12w\" sizes=\"(max-width: 2048px) 100vw, 2048px\" \/><\/div>\n\t\t<\/figure>\n\t<\/div>\n\t\t\t<\/div>\r\n\t\t\t<div class=\"simonmista_slideshow__item\"  style=\"background-color:\">\r\n\t\t\t\t\n\t<div  class=\"wpb_single_image wpb_content_element vc_align_left wpb_content_element\">\n\t\t\n\t\t<figure class=\"wpb_wrapper vc_figure\">\n\t\t\t<div class=\"vc_single_image-wrapper\"><img decoding=\"async\" width=\"2048\" height=\"2048\" src=\"https:\/\/www.dworekmarmis.pl\/app\/uploads\/2026\/07\/20250827_125410-scaled.jpg\" class=\"vc_single_image-img attachment-full\" alt=\"Stylov\u00e9 zahradn\u00ed leh\u00e1tko s modro-b\u00edl\u00fdmi pruhy, um\u00edst\u011bn\u00e9 na tr\u00e1vn\u00edku uprost\u0159ed strom\u016f.\" title=\"20250827_125410\" srcset=\"https:\/\/www.dworekmarmis.pl\/app\/uploads\/2026\/07\/20250827_125410-scaled.jpg 2048w, https:\/\/www.dworekmarmis.pl\/app\/uploads\/2026\/07\/20250827_125410-300x300.jpg 300w, https:\/\/www.dworekmarmis.pl\/app\/uploads\/2026\/07\/20250827_125410-1024x1024.jpg 1024w, https:\/\/www.dworekmarmis.pl\/app\/uploads\/2026\/07\/20250827_125410-150x150.jpg 150w, https:\/\/www.dworekmarmis.pl\/app\/uploads\/2026\/07\/20250827_125410-768x768.jpg 768w, https:\/\/www.dworekmarmis.pl\/app\/uploads\/2026\/07\/20250827_125410-1536x1536.jpg 1536w, https:\/\/www.dworekmarmis.pl\/app\/uploads\/2026\/07\/20250827_125410-12x12.jpg 12w\" sizes=\"(max-width: 2048px) 100vw, 2048px\" \/><\/div>\n\t\t<\/figure>\n\t<\/div>\n\t\t\t<\/div>\r\n\t\t\t<div class=\"simonmista_slideshow__item\"  style=\"background-color:\">\r\n\t\t\t\t\n\t<div  class=\"wpb_single_image wpb_content_element vc_align_left wpb_content_element\">\n\t\t\n\t\t<figure class=\"wpb_wrapper vc_figure\">\n\t\t\t<div class=\"vc_single_image-wrapper\"><img decoding=\"async\" width=\"2048\" height=\"2048\" src=\"https:\/\/www.dworekmarmis.pl\/app\/uploads\/2025\/09\/20250828_143323-1-scaled.jpg\" class=\"vc_single_image-img attachment-full\" alt=\"T\u00e1bor\u00e1k obklopen\u00fd d\u0159ev\u011bn\u00fdmi lavi\u010dkami v zeleni s alt\u00e1nem v pozad\u00ed.\" title=\"20250828_143323\" srcset=\"https:\/\/www.dworekmarmis.pl\/app\/uploads\/2025\/09\/20250828_143323-1-scaled.jpg 2048w, https:\/\/www.dworekmarmis.pl\/app\/uploads\/2025\/09\/20250828_143323-1-300x300.jpg 300w, https:\/\/www.dworekmarmis.pl\/app\/uploads\/2025\/09\/20250828_143323-1-1024x1024.jpg 1024w, https:\/\/www.dworekmarmis.pl\/app\/uploads\/2025\/09\/20250828_143323-1-150x150.jpg 150w, https:\/\/www.dworekmarmis.pl\/app\/uploads\/2025\/09\/20250828_143323-1-768x768.jpg 768w, https:\/\/www.dworekmarmis.pl\/app\/uploads\/2025\/09\/20250828_143323-1-1536x1536.jpg 1536w, https:\/\/www.dworekmarmis.pl\/app\/uploads\/2025\/09\/20250828_143323-1-12x12.jpg 12w\" sizes=\"(max-width: 2048px) 100vw, 2048px\" \/><\/div>\n\t\t<\/figure>\n\t<\/div>\n\t\t\t<\/div>\r\n\t\t\t\t<\/div>\r\n\t\t\t<\/div>\r\n\t\t<\/div><\/div><\/div><\/div>\n<\/div>","protected":false},"excerpt":{"rendered":"Zahrada objektu se nach\u00e1z\u00ed na malebn\u00e9m m\u00edst\u011b s rozs\u00e1hl\u00fdm lesoparkem. V l\u00e9t\u011b se host\u00e9 mohou osv\u011b\u017eit a relaxovat v zahradn\u00edm baz\u00e9nu. Houpa\u010dky, houpac\u00ed s\u00ed\u0165 a p\u00edskovi\u0161t\u011b jsou skv\u011bl\u00fdm m\u00edstem pro hry nejmen\u0161\u00edch a velk\u00e1 terasa s grilem je ide\u00e1ln\u00edm m\u00edstem pro spole\u010dn\u00e1 setk\u00e1n\u00ed a venkovn\u00ed hostiny. V are\u00e1lu najdete tak\u00e9 h\u0159i\u0161t\u011b ...","protected":false},"author":1,"featured_media":2412,"parent":0,"menu_order":0,"comment_status":"closed","ping_status":"closed","template":"","meta":{"_acf_changed":false,"footnotes":""},"class_list":["post-1935","page","type-page","status-publish","has-post-thumbnail","hentry"],"acf":[],"aioseo_notices":[],"aioseo_head":"\n\t\t<!-- All in One SEO Pro 5.0.1.1 - aioseo.com -->\n\t<meta name=\"description\" content=\"Ogr\u00f3d obiektu to malownicze miejsce o rozleg\u0142ym terenie parku le\u015bnego. Latem w ogrodzie go\u015bcie mog\u0105 korzysta\u0107 z basenu, zapewniaj\u0105cego orze\u017awienie i relaks. Hu\u015btawki, hamak i piaskownica s\u0105 doskona\u0142ym miejscem zabawy dla najm\u0142odszych, a du\u017cy taras z grillem to idealne miejsce do wsp\u00f3lnych spotka\u0144 i biesiad na \u015bwie\u017cym powietrzu. Znajd\u0105 tu Pa\u0144stwo tak\u017ce boisko do gry\" \/>\n\t<meta name=\"robots\" content=\"max-image-preview:large\" \/>\n\t<link rel=\"canonical\" href=\"https:\/\/www.dworekmarmis.pl\/cs\/ogrod-patio\/\" \/>\n\t<meta name=\"generator\" content=\"All in One SEO Pro (AIOSEO) 5.0.1.1\" \/>\n\t\t<meta property=\"og:locale\" content=\"cs_CZ\" \/>\n\t\t<meta property=\"og:site_name\" content=\"Dworek Marmis - Dworek Marmis\" \/>\n\t\t<meta property=\"og:type\" content=\"website\" \/>\n\t\t<meta property=\"og:title\" content=\"Ogr\u00f3d, Patio - Dworek Marmis\" \/>\n\t\t<meta property=\"og:description\" content=\"Ogr\u00f3d obiektu to malownicze miejsce o rozleg\u0142ym terenie parku le\u015bnego. Latem w ogrodzie go\u015bcie mog\u0105 korzysta\u0107 z basenu, zapewniaj\u0105cego orze\u017awienie i relaks. Hu\u015btawki, hamak i piaskownica s\u0105 doskona\u0142ym miejscem zabawy dla najm\u0142odszych, a du\u017cy taras z grillem to idealne miejsce do wsp\u00f3lnych spotka\u0144 i biesiad na \u015bwie\u017cym powietrzu. Znajd\u0105 tu Pa\u0144stwo tak\u017ce boisko do gry\" \/>\n\t\t<meta property=\"og:url\" content=\"https:\/\/www.dworekmarmis.pl\/cs\/ogrod-patio\/\" \/>\n\t\t<meta property=\"og:image\" content=\"https:\/\/www.dworekmarmis.pl\/app\/uploads\/2024\/10\/20240822_183644-scaled.jpg\" \/>\n\t\t<meta property=\"og:image:secure_url\" content=\"https:\/\/www.dworekmarmis.pl\/app\/uploads\/2024\/10\/20240822_183644-scaled.jpg\" \/>\n\t\t<meta property=\"og:image:width\" content=\"2048\" \/>\n\t\t<meta property=\"og:image:height\" content=\"2048\" \/>\n\t\t<meta name=\"twitter:card\" content=\"summary\" \/>\n\t\t<meta name=\"twitter:title\" content=\"Ogr\u00f3d, Patio - Dworek Marmis\" \/>\n\t\t<meta name=\"twitter:description\" content=\"Ogr\u00f3d obiektu to malownicze miejsce o rozleg\u0142ym terenie parku le\u015bnego. Latem w ogrodzie go\u015bcie mog\u0105 korzysta\u0107 z basenu, zapewniaj\u0105cego orze\u017awienie i relaks. Hu\u015btawki, hamak i piaskownica s\u0105 doskona\u0142ym miejscem zabawy dla najm\u0142odszych, a du\u017cy taras z grillem to idealne miejsce do wsp\u00f3lnych spotka\u0144 i biesiad na \u015bwie\u017cym powietrzu. Znajd\u0105 tu Pa\u0144stwo tak\u017ce boisko do gry\" \/>\n\t\t<meta name=\"twitter:image\" content=\"https:\/\/www.dworekmarmis.pl\/app\/uploads\/2021\/09\/20210802_185721-2.jpg\" \/>\n\t\t<script type=\"application\/ld+json\" class=\"aioseo-schema\">\n\t\t\t{\"@context\":\"https:\\\/\\\/schema.org\",\"@graph\":[{\"@type\":\"BreadcrumbList\",\"@id\":\"https:\\\/\\\/www.dworekmarmis.pl\\\/cs\\\/ogrod-patio\\\/#breadcrumblist\",\"itemListElement\":[{\"@type\":\"ListItem\",\"@id\":\"https:\\\/\\\/www.dworekmarmis.pl\\\/cs#listItem\",\"position\":1,\"name\":\"Home\",\"item\":\"https:\\\/\\\/www.dworekmarmis.pl\\\/cs\",\"nextItem\":{\"@type\":\"ListItem\",\"@id\":\"https:\\\/\\\/www.dworekmarmis.pl\\\/cs\\\/ogrod-patio\\\/#listItem\",\"name\":\"Ogr\\u00f3d, Patio\"}},{\"@type\":\"ListItem\",\"@id\":\"https:\\\/\\\/www.dworekmarmis.pl\\\/cs\\\/ogrod-patio\\\/#listItem\",\"position\":2,\"name\":\"Ogr\\u00f3d, Patio\",\"previousItem\":{\"@type\":\"ListItem\",\"@id\":\"https:\\\/\\\/www.dworekmarmis.pl\\\/cs#listItem\",\"name\":\"Home\"}}]},{\"@type\":\"Organization\",\"@id\":\"https:\\\/\\\/www.dworekmarmis.pl\\\/cs\\\/#organization\",\"name\":\"Marmis Apartments\",\"description\":\"Dworek Marmis\",\"url\":\"https:\\\/\\\/www.dworekmarmis.pl\\\/cs\\\/\",\"email\":\"info@marmis-apartments.com\",\"telephone\":\"+48516535373\",\"logo\":{\"@type\":\"ImageObject\",\"url\":\"https:\\\/\\\/www.dworekmarmis.pl\\\/app\\\/uploads\\\/2022\\\/12\\\/20221218_095944-scaled.jpg\",\"@id\":\"https:\\\/\\\/www.dworekmarmis.pl\\\/cs\\\/ogrod-patio\\\/#organizationLogo\",\"width\":2048,\"height\":2048,\"caption\":\"Zimowy krajobraz z bia\\u0142ym \\u015bniegiem pokrywaj\\u0105cym ziemi\\u0119, drewniany dom z dachem pokrytym \\u015bniegiem, drzewa w tle.\"},\"image\":{\"@id\":\"https:\\\/\\\/www.dworekmarmis.pl\\\/cs\\\/ogrod-patio\\\/#organizationLogo\"},\"address\":{\"@id\":\"https:\\\/\\\/www.dworekmarmis.pl\\\/cs\\\/#postaladdress\",\"@type\":\"PostalAddress\",\"streetAddress\":\"Grudza 44\",\"postalCode\":\"59-630\",\"addressLocality\":\"Mirsk\",\"addressCountry\":\"PL\"}},{\"@type\":\"WebPage\",\"@id\":\"https:\\\/\\\/www.dworekmarmis.pl\\\/cs\\\/ogrod-patio\\\/#webpage\",\"url\":\"https:\\\/\\\/www.dworekmarmis.pl\\\/cs\\\/ogrod-patio\\\/\",\"name\":\"Ogr\\u00f3d, Patio - Dworek Marmis\",\"description\":\"Ogr\\u00f3d obiektu to malownicze miejsce o rozleg\\u0142ym terenie parku le\\u015bnego. Latem w ogrodzie go\\u015bcie mog\\u0105 korzysta\\u0107 z basenu, zapewniaj\\u0105cego orze\\u017awienie i relaks. Hu\\u015btawki, hamak i piaskownica s\\u0105 doskona\\u0142ym miejscem zabawy dla najm\\u0142odszych, a du\\u017cy taras z grillem to idealne miejsce do wsp\\u00f3lnych spotka\\u0144 i biesiad na \\u015bwie\\u017cym powietrzu. Znajd\\u0105 tu Pa\\u0144stwo tak\\u017ce boisko do gry\",\"inLanguage\":\"cs-CZ\",\"isPartOf\":{\"@id\":\"https:\\\/\\\/www.dworekmarmis.pl\\\/cs\\\/#website\"},\"breadcrumb\":{\"@id\":\"https:\\\/\\\/www.dworekmarmis.pl\\\/cs\\\/ogrod-patio\\\/#breadcrumblist\"},\"image\":{\"@type\":\"ImageObject\",\"url\":\"https:\\\/\\\/www.dworekmarmis.pl\\\/app\\\/uploads\\\/2024\\\/10\\\/20240822_183644-scaled.jpg\",\"@id\":\"https:\\\/\\\/www.dworekmarmis.pl\\\/cs\\\/ogrod-patio\\\/#mainImage\",\"width\":2048,\"height\":2048,\"caption\":\"Ruiny kamiennej struktury z parasolem, meblami ogrodowymi i drewnianymi stosami w tle.\"},\"primaryImageOfPage\":{\"@id\":\"https:\\\/\\\/www.dworekmarmis.pl\\\/cs\\\/ogrod-patio\\\/#mainImage\"},\"datePublished\":\"2024-01-09T13:21:16+01:00\",\"dateModified\":\"2026-07-31T18:25:42+02:00\"},{\"@type\":\"WebSite\",\"@id\":\"https:\\\/\\\/www.dworekmarmis.pl\\\/cs\\\/#website\",\"url\":\"https:\\\/\\\/www.dworekmarmis.pl\\\/cs\\\/\",\"name\":\"Dworek Marmis\",\"description\":\"Dworek Marmis\",\"inLanguage\":\"cs-CZ\",\"publisher\":{\"@id\":\"https:\\\/\\\/www.dworekmarmis.pl\\\/cs\\\/#organization\"}}]}\n\t\t<\/script>\n\t\t<!-- All in One SEO Pro -->\r\n\t\t<title>Ogr\u00f3d, Patio - Dworek Marmis<\/title>\n\n","aioseo_head_json":{"title":"Zahrada, terasa - Dworek Marmis","description":"Zahrada objektu se nach\u00e1z\u00ed na malebn\u00e9m m\u00edst\u011b s rozs\u00e1hl\u00fdm lesoparkem. V l\u00e9t\u011b se host\u00e9 mohou osv\u011b\u017eit a relaxovat v zahradn\u00edm baz\u00e9nu. Houpa\u010dky, houpac\u00ed s\u00ed\u0165 a p\u00edskovi\u0161t\u011b jsou skv\u011bl\u00fdm m\u00edstem pro hry nejmen\u0161\u00edch a velk\u00e1 terasa s grilem je ide\u00e1ln\u00edm m\u00edstem pro spole\u010dn\u00e1 setk\u00e1n\u00ed a venkovn\u00ed hostiny. Najdete zde tak\u00e9 h\u0159i\u0161t\u011b","canonical_url":"https:\/\/www.dworekmarmis.pl\/cs\/ogrod-patio\/","robots":"max-image-preview:large","keywords":"","webmasterTools":{"miscellaneous":""},"schema":{"@context":"https:\/\/schema.org","@graph":[{"@type":"BreadcrumbList","@id":"https:\/\/www.dworekmarmis.pl\/cs\/ogrod-patio\/#breadcrumblist","itemListElement":[{"@type":"ListItem","@id":"https:\/\/www.dworekmarmis.pl\/cs#listItem","position":1,"name":"Home","item":"https:\/\/www.dworekmarmis.pl\/cs","nextItem":{"@type":"ListItem","@id":"https:\/\/www.dworekmarmis.pl\/cs\/ogrod-patio\/#listItem","name":"Ogr\u00f3d, Patio"}},{"@type":"ListItem","@id":"https:\/\/www.dworekmarmis.pl\/cs\/ogrod-patio\/#listItem","position":2,"name":"Ogr\u00f3d, Patio","previousItem":{"@type":"ListItem","@id":"https:\/\/www.dworekmarmis.pl\/cs#listItem","name":"Home"}}]},{"@type":"Organization","@id":"https:\/\/www.dworekmarmis.pl\/cs\/#organization","name":"Marmis Apartments","description":"Dworek Marmis","url":"https:\/\/www.dworekmarmis.pl\/cs\/","email":"info@marmis-apartments.com","telephone":"+48516535373","logo":{"@type":"ImageObject","url":"https:\/\/www.dworekmarmis.pl\/app\/uploads\/2022\/12\/20221218_095944-scaled.jpg","@id":"https:\/\/www.dworekmarmis.pl\/cs\/ogrod-patio\/#organizationLogo","width":2048,"height":2048,"caption":"Zimowy krajobraz z bia\u0142ym \u015bniegiem pokrywaj\u0105cym ziemi\u0119, drewniany dom z dachem pokrytym \u015bniegiem, drzewa w tle."},"image":{"@id":"https:\/\/www.dworekmarmis.pl\/cs\/ogrod-patio\/#organizationLogo"},"address":{"@id":"https:\/\/www.dworekmarmis.pl\/cs\/#postaladdress","@type":"PostalAddress","streetAddress":"Grudza 44","postalCode":"59-630","addressLocality":"Mirsk","addressCountry":"PL"}},{"@type":"WebPage","@id":"https:\/\/www.dworekmarmis.pl\/cs\/ogrod-patio\/#webpage","url":"https:\/\/www.dworekmarmis.pl\/cs\/ogrod-patio\/","name":"Ogr\u00f3d, Patio - Dworek Marmis","description":"Ogr\u00f3d obiektu to malownicze miejsce o rozleg\u0142ym terenie parku le\u015bnego. Latem w ogrodzie go\u015bcie mog\u0105 korzysta\u0107 z basenu, zapewniaj\u0105cego orze\u017awienie i relaks. Hu\u015btawki, hamak i piaskownica s\u0105 doskona\u0142ym miejscem zabawy dla najm\u0142odszych, a du\u017cy taras z grillem to idealne miejsce do wsp\u00f3lnych spotka\u0144 i biesiad na \u015bwie\u017cym powietrzu. Znajd\u0105 tu Pa\u0144stwo tak\u017ce boisko do gry","inLanguage":"cs-CZ","isPartOf":{"@id":"https:\/\/www.dworekmarmis.pl\/cs\/#website"},"breadcrumb":{"@id":"https:\/\/www.dworekmarmis.pl\/cs\/ogrod-patio\/#breadcrumblist"},"image":{"@type":"ImageObject","url":"https:\/\/www.dworekmarmis.pl\/app\/uploads\/2024\/10\/20240822_183644-scaled.jpg","@id":"https:\/\/www.dworekmarmis.pl\/cs\/ogrod-patio\/#mainImage","width":2048,"height":2048,"caption":"Ruiny kamiennej struktury z parasolem, meblami ogrodowymi i drewnianymi stosami w tle."},"primaryImageOfPage":{"@id":"https:\/\/www.dworekmarmis.pl\/cs\/ogrod-patio\/#mainImage"},"datePublished":"2024-01-09T13:21:16+01:00","dateModified":"2026-07-31T18:25:42+02:00"},{"@type":"WebSite","@id":"https:\/\/www.dworekmarmis.pl\/cs\/#website","url":"https:\/\/www.dworekmarmis.pl\/cs\/","name":"Dworek Marmis","description":"Dworek Marmis","inLanguage":"cs-CZ","publisher":{"@id":"https:\/\/www.dworekmarmis.pl\/cs\/#organization"}}]},"og:locale":"cs_CZ","og:site_name":"Dworek Marmis - Dworek Marmis","og:type":"website","og:title":"Ogr\u00f3d, Patio - Dworek Marmis","og:description":"Ogr\u00f3d obiektu to malownicze miejsce o rozleg\u0142ym terenie parku le\u015bnego. Latem w ogrodzie go\u015bcie mog\u0105 korzysta\u0107 z basenu, zapewniaj\u0105cego orze\u017awienie i relaks. Hu\u015btawki, hamak i piaskownica s\u0105 doskona\u0142ym miejscem zabawy dla najm\u0142odszych, a du\u017cy taras z grillem to idealne miejsce do wsp\u00f3lnych spotka\u0144 i biesiad na \u015bwie\u017cym powietrzu. Znajd\u0105 tu Pa\u0144stwo tak\u017ce boisko do gry","og:url":"https:\/\/www.dworekmarmis.pl\/cs\/ogrod-patio\/","og:image":"https:\/\/www.dworekmarmis.pl\/app\/uploads\/2024\/10\/20240822_183644-scaled.jpg","og:image:secure_url":"https:\/\/www.dworekmarmis.pl\/app\/uploads\/2024\/10\/20240822_183644-scaled.jpg","og:image:width":2048,"og:image:height":2048,"twitter:card":"summary","twitter:title":"Ogr\u00f3d, Patio - Dworek Marmis","twitter:description":"Ogr\u00f3d obiektu to malownicze miejsce o rozleg\u0142ym terenie parku le\u015bnego. Latem w ogrodzie go\u015bcie mog\u0105 korzysta\u0107 z basenu, zapewniaj\u0105cego orze\u017awienie i relaks. Hu\u015btawki, hamak i piaskownica s\u0105 doskona\u0142ym miejscem zabawy dla najm\u0142odszych, a du\u017cy taras z grillem to idealne miejsce do wsp\u00f3lnych spotka\u0144 i biesiad na \u015bwie\u017cym powietrzu. Znajd\u0105 tu Pa\u0144stwo tak\u017ce boisko do gry","twitter:image":"https:\/\/www.dworekmarmis.pl\/app\/uploads\/2021\/09\/20210802_185721-2.jpg"},"aioseo_meta_data":{"post_id":"1935","title":null,"description":null,"keywords":null,"keyphrases":{"focus":{"keyphrase":"","score":0,"analysis":{"keyphraseInTitle":{"score":0,"maxScore":9,"error":1}}},"additional":[]},"primary_term":null,"canonical_url":null,"og_title":null,"og_description":null,"og_object_type":"default","og_image_type":"default","og_image_url":null,"og_image_width":null,"og_image_height":null,"og_image_custom_url":null,"og_image_custom_fields":null,"og_video":"","og_custom_url":null,"og_article_section":null,"og_article_tags":null,"twitter_use_og":false,"twitter_card":"default","twitter_image_type":"default","twitter_image_url":null,"twitter_image_custom_url":null,"twitter_image_custom_fields":null,"twitter_title":null,"twitter_description":null,"schema":{"blockGraphs":[],"customGraphs":[],"default":{"data":{"Article":[],"Course":[],"Dataset":[],"FAQPage":[],"Movie":[],"Person":[],"Product":[],"ProductReview":[],"Car":[],"Recipe":[],"Service":[],"SoftwareApplication":[],"WebPage":[]},"graphName":"WebPage","isEnabled":true},"graphs":[]},"schema_type":"default","schema_type_options":null,"pillar_content":false,"robots_default":true,"robots_noindex":false,"robots_noarchive":false,"robots_nosnippet":false,"robots_nofollow":false,"robots_noimageindex":false,"robots_noodp":false,"robots_notranslate":false,"robots_max_snippet":"-1","robots_max_videopreview":"-1","robots_max_imagepreview":"large","priority":null,"frequency":"default","local_seo":null,"seo_analyzer_scan_date":"2026-07-31 16:27:58","breadcrumb_settings":null,"limit_modified_date":false,"open_ai":"{\"title\":{\"suggestions\":[],\"usage\":0},\"description\":{\"suggestions\":[],\"usage\":0}}","ai":{"faqs":[],"keyPoints":[],"schemas":[],"titles":[],"descriptions":[],"socialPosts":{"email":{"subject":"","preview":"","content":""},"linkedin":[],"twitter":[],"facebook":[],"instagram":[]}},"created":"2024-01-09 12:21:16","updated":"2026-08-01 04:00:03","focus_keyword":null,"additional_keywords":null,"truseo_locale":null},"_links":{"self":[{"href":"https:\/\/www.dworekmarmis.pl\/cs\/wp-json\/wp\/v2\/pages\/1935","targetHints":{"allow":["GET"]}}],"collection":[{"href":"https:\/\/www.dworekmarmis.pl\/cs\/wp-json\/wp\/v2\/pages"}],"about":[{"href":"https:\/\/www.dworekmarmis.pl\/cs\/wp-json\/wp\/v2\/types\/page"}],"author":[{"embeddable":true,"href":"https:\/\/www.dworekmarmis.pl\/cs\/wp-json\/wp\/v2\/users\/1"}],"replies":[{"embeddable":true,"href":"https:\/\/www.dworekmarmis.pl\/cs\/wp-json\/wp\/v2\/comments?post=1935"}],"version-history":[{"count":20,"href":"https:\/\/www.dworekmarmis.pl\/cs\/wp-json\/wp\/v2\/pages\/1935\/revisions"}],"predecessor-version":[{"id":3148,"href":"https:\/\/www.dworekmarmis.pl\/cs\/wp-json\/wp\/v2\/pages\/1935\/revisions\/3148"}],"wp:featuredmedia":[{"embeddable":true,"href":"https:\/\/www.dworekmarmis.pl\/cs\/wp-json\/wp\/v2\/media\/2412"}],"wp:attachment":[{"href":"https:\/\/www.dworekmarmis.pl\/cs\/wp-json\/wp\/v2\/media?parent=1935"}],"curies":[{"name":"wp","href":"https:\/\/api.w.org\/{rel}","templated":true}]}}