{"id":1933,"date":"2024-01-09T13:21:02","date_gmt":"2024-01-09T12:21:02","guid":{"rendered":"https:\/\/dworekmarmis.simonmista.de\/?page_id=1933"},"modified":"2026-01-27T08:07:56","modified_gmt":"2026-01-27T07:07:56","slug":"spolecny-obyvaci-pokoj","status":"publish","type":"page","link":"https:\/\/www.dworekmarmis.pl\/cs\/wspolny-salon\/","title":{"rendered":"ob\u00fdvac\u00ed pokoj, kuchyn\u011b pro hosty"},"content":{"rendered":"<div class=\"wpb-content-wrapper\"><div class=\"vc_row wpb_row vc_row-fluid\"><div class=\"wpb_column vc_column_container vc_col-sm-12\"><div class=\"vc_column-inner\"><div class=\"wpb_wrapper\">\n\t<div class=\"wpb_text_column wpb_content_element\" >\n\t\t<div class=\"wpb_wrapper\">\n\t\t\t<p>Ob\u00fdvac\u00ed pokoj s d\u0159ev\u011bn\u00fdmi prvky a kamenn\u00fdmi st\u011bnami vyza\u0159uje \u00fatulnost a eleganci. \u00dast\u0159edn\u00edm bodem prostoru je velk\u00fd staro\u017eitn\u00fd rozkl\u00e1dac\u00ed st\u016fl pro 12 osob, kter\u00fd je ide\u00e1ln\u00edm m\u00edstem pro spole\u010dn\u00e1 setk\u00e1n\u00ed a j\u00eddlo. Pohodln\u00e1 k\u0159esla vyb\u00edzej\u00ed k odpo\u010dinku, zat\u00edmco p\u0159\u00edtomnost \u0159ady stoln\u00edch her dod\u00e1v\u00e1 z\u00e1bavu d\u011btem i dosp\u011bl\u00fdm. Filmov\u00e9 pl\u00e1tno umo\u017e\u0148uje pohodln\u00e9 sledov\u00e1n\u00ed film\u016f a poskytuje kvalitn\u00ed z\u00e1bavu. Kombinace d\u0159ev\u011bn\u00fdch a kamenn\u00fdch prvk\u016f dod\u00e1v\u00e1 ob\u00fdvac\u00edmu pokoji charakter a harmonicky spojuje funk\u010dnost s estetikou.<\/p>\n<p>V kuchyni pro hosty se obyvatel\u00e9 d\u011bl\u00ed o m\u00edsto na va\u0159en\u00ed.<\/p>\n<p>Najdete zde:<\/p>\n\n\t\t<\/div>\n\t<\/div>\n<\/div><\/div><\/div><\/div><div class=\"vc_row wpb_row vc_row-fluid\"><div class=\"wpb_column vc_column_container vc_col-sm-12\"><div class=\"vc_column-inner\"><div class=\"wpb_wrapper\">\n\t<div class=\"wpb_text_column wpb_content_element\" >\n\t\t<div class=\"wpb_wrapper\">\n\t\t\t<ul>\n<li>elektrick\u00fd spor\u00e1k<\/li>\n<li>my\u010dka n\u00e1dob\u00ed<\/li>\n<li>mikrovlnn\u00e1 trouba<\/li>\n<li>k\u00e1vovar<\/li>\n<li>rychlovarn\u00e1 konvice<\/li>\n<li>topinkova\u010d<\/li>\n<li>lednice<\/li>\n<li>z\u00e1kladn\u00ed ko\u0159en\u00ed<\/li>\n<\/ul>\n<p>&nbsp;<\/p>\n<p>Oslavy ve spole\u010dn\u00e9m sal\u00f3nku jsou povoleny pouze po p\u0159edchoz\u00ed domluv\u011b s majitelem za p\u0159\u00edplatek 500 PLN za noc.<\/p>\n\n\t\t<\/div>\n\t<\/div>\n<\/div><\/div><\/div><\/div><div class=\"vc_row wpb_row vc_row-fluid\"><div class=\"wpb_column vc_column_container vc_col-sm-12\"><div class=\"vc_column-inner\"><div class=\"wpb_wrapper\">\t\t\t<div class=\"simonmista_slideshow\">\r\n\t\t\t\t<div class=\"simonmista_slideshow__owl simonmista_slideshow__owl__1 owl-carousel owl-stage-overflow\" data-owl-options='{\"loop\":\"true\",\"margin\":1,\"autoHeight\":false,\"slideTransition\":\"\",\"center\":false,\"nav\":false,\"dots\":false,\"stagePadding\":\"0\",\"autoWidth\":false,\"rtl\":false,\"autoplaySpeed\":false,\"autoplay\":false,\"responsiveClass\":true,\"autoplayTimeout\":\"5000\",\"autoplayHoverPause\":false,\"responsive\":{\"0\":{\"items\":\"1\"},\"768\":{\"items\":\"2\"},\"992\":{\"items\":\"3\"}}}'>\r\n\t\t\t\t\t\t\t\t\t\t\t\t\t<div class=\"simonmista_slideshow__item\"  style=\"background-color:\">\r\n\t\t\t\t\n\t<div  class=\"wpb_single_image wpb_content_element vc_align_left wpb_content_element\">\n\t\t\n\t\t<figure class=\"wpb_wrapper vc_figure\">\n\t\t\t<div class=\"vc_single_image-wrapper   vc_box_border_grey\"><img decoding=\"async\" width=\"2048\" height=\"2048\" src=\"https:\/\/www.dworekmarmis.pl\/app\/uploads\/2025\/05\/20230401_175153-scaled.jpg\" class=\"vc_single_image-img attachment-full\" alt=\"\u00datuln\u00fd interi\u00e9r s kamenn\u00fdmi zdmi, d\u0159ev\u011bn\u00fdmi tr\u00e1my, stolem a \u017eidlemi a dv\u011bma k\u0159esly u okna.\" title=\"20230401_175153\" srcset=\"https:\/\/www.dworekmarmis.pl\/app\/uploads\/2025\/05\/20230401_175153-scaled.jpg 2048w, https:\/\/www.dworekmarmis.pl\/app\/uploads\/2025\/05\/20230401_175153-300x300.jpg 300w, https:\/\/www.dworekmarmis.pl\/app\/uploads\/2025\/05\/20230401_175153-1024x1024.jpg 1024w, https:\/\/www.dworekmarmis.pl\/app\/uploads\/2025\/05\/20230401_175153-150x150.jpg 150w, https:\/\/www.dworekmarmis.pl\/app\/uploads\/2025\/05\/20230401_175153-768x768.jpg 768w, https:\/\/www.dworekmarmis.pl\/app\/uploads\/2025\/05\/20230401_175153-1536x1536.jpg 1536w, https:\/\/www.dworekmarmis.pl\/app\/uploads\/2025\/05\/20230401_175153-12x12.jpg 12w\" sizes=\"(max-width: 2048px) 100vw, 2048px\" \/><\/div>\n\t\t<\/figure>\n\t<\/div>\n\t\t\t<\/div>\r\n\t\t\t<div class=\"simonmista_slideshow__item\"  style=\"background-color:\">\r\n\t\t\t\t\n\t<div  class=\"wpb_single_image wpb_content_element vc_align_left wpb_content_element\">\n\t\t\n\t\t<figure class=\"wpb_wrapper vc_figure\">\n\t\t\t<div class=\"vc_single_image-wrapper   vc_box_border_grey\"><img decoding=\"async\" width=\"2048\" height=\"2048\" src=\"https:\/\/www.dworekmarmis.pl\/app\/uploads\/2022\/05\/20230401_175603-scaled.jpg\" class=\"vc_single_image-img attachment-full\" alt=\"\u010cty\u0159i sv\u011btl\u00e1 k\u0159esla kolem kulat\u00e9ho d\u0159ev\u011bn\u00e9ho stolu, vedle lampy a kolovr\u00e1tku.\" title=\"20230401_175603\" srcset=\"https:\/\/www.dworekmarmis.pl\/app\/uploads\/2022\/05\/20230401_175603-scaled.jpg 2048w, https:\/\/www.dworekmarmis.pl\/app\/uploads\/2022\/05\/20230401_175603-300x300.jpg 300w, https:\/\/www.dworekmarmis.pl\/app\/uploads\/2022\/05\/20230401_175603-1024x1024.jpg 1024w, https:\/\/www.dworekmarmis.pl\/app\/uploads\/2022\/05\/20230401_175603-150x150.jpg 150w, https:\/\/www.dworekmarmis.pl\/app\/uploads\/2022\/05\/20230401_175603-768x768.jpg 768w, https:\/\/www.dworekmarmis.pl\/app\/uploads\/2022\/05\/20230401_175603-1536x1536.jpg 1536w, https:\/\/www.dworekmarmis.pl\/app\/uploads\/2022\/05\/20230401_175603-12x12.jpg 12w, https:\/\/www.dworekmarmis.pl\/app\/uploads\/2022\/05\/20230401_175603-600x600.jpg 600w, https:\/\/www.dworekmarmis.pl\/app\/uploads\/2022\/05\/20230401_175603-100x100.jpg 100w\" sizes=\"(max-width: 2048px) 100vw, 2048px\" \/><\/div>\n\t\t<\/figure>\n\t<\/div>\n\t\t\t<\/div>\r\n\t\t\t<div class=\"simonmista_slideshow__item\"  style=\"background-color:\">\r\n\t\t\t\t\n\t<div  class=\"wpb_single_image wpb_content_element vc_align_left wpb_content_element\">\n\t\t\n\t\t<figure class=\"wpb_wrapper vc_figure\">\n\t\t\t<div class=\"vc_single_image-wrapper   vc_box_border_grey\"><img decoding=\"async\" width=\"2048\" height=\"2048\" src=\"https:\/\/www.dworekmarmis.pl\/app\/uploads\/2025\/12\/20251206_111700-scaled.jpg\" class=\"vc_single_image-img attachment-full\" alt=\"Kuchyn\u011b pro hosty s b\u00edl\u00fdmi sk\u0159\u00ed\u0148kami, troubou, mikrovlnnou troubou a d\u0159ev\u011bnou pracovn\u00ed deskou. D\u0159ev\u011bn\u00e1 podlaha a st\u0159e\u0161n\u00ed okno.\" title=\"20251206_111700\" srcset=\"https:\/\/www.dworekmarmis.pl\/app\/uploads\/2025\/12\/20251206_111700-scaled.jpg 2048w, https:\/\/www.dworekmarmis.pl\/app\/uploads\/2025\/12\/20251206_111700-300x300.jpg 300w, https:\/\/www.dworekmarmis.pl\/app\/uploads\/2025\/12\/20251206_111700-1024x1024.jpg 1024w, https:\/\/www.dworekmarmis.pl\/app\/uploads\/2025\/12\/20251206_111700-150x150.jpg 150w, https:\/\/www.dworekmarmis.pl\/app\/uploads\/2025\/12\/20251206_111700-768x768.jpg 768w, https:\/\/www.dworekmarmis.pl\/app\/uploads\/2025\/12\/20251206_111700-1536x1536.jpg 1536w, https:\/\/www.dworekmarmis.pl\/app\/uploads\/2025\/12\/20251206_111700-12x12.jpg 12w\" sizes=\"(max-width: 2048px) 100vw, 2048px\" \/><\/div>\n\t\t<\/figure>\n\t<\/div>\n\t\t\t<\/div>\r\n\t\t\t<div class=\"simonmista_slideshow__item\"  style=\"background-color:\">\r\n\t\t\t\t\n\t<div  class=\"wpb_single_image wpb_content_element vc_align_left wpb_content_element\">\n\t\t\n\t\t<figure class=\"wpb_wrapper vc_figure\">\n\t\t\t<div class=\"vc_single_image-wrapper   vc_box_border_grey\"><img decoding=\"async\" width=\"2048\" height=\"2048\" src=\"https:\/\/www.dworekmarmis.pl\/app\/uploads\/2025\/12\/20251223_144617-scaled.jpg\" class=\"vc_single_image-img attachment-full\" alt=\"\u00datuln\u00fd koutek v Dworku Marmis s b\u00edlou cihlovou zd\u00ed, pohovkou a k\u0159esly a obrazem v pozad\u00ed.\" title=\"20251223_144617\" srcset=\"https:\/\/www.dworekmarmis.pl\/app\/uploads\/2025\/12\/20251223_144617-scaled.jpg 2048w, https:\/\/www.dworekmarmis.pl\/app\/uploads\/2025\/12\/20251223_144617-300x300.jpg 300w, https:\/\/www.dworekmarmis.pl\/app\/uploads\/2025\/12\/20251223_144617-1024x1024.jpg 1024w, https:\/\/www.dworekmarmis.pl\/app\/uploads\/2025\/12\/20251223_144617-150x150.jpg 150w, https:\/\/www.dworekmarmis.pl\/app\/uploads\/2025\/12\/20251223_144617-768x768.jpg 768w, https:\/\/www.dworekmarmis.pl\/app\/uploads\/2025\/12\/20251223_144617-1536x1536.jpg 1536w, https:\/\/www.dworekmarmis.pl\/app\/uploads\/2025\/12\/20251223_144617-12x12.jpg 12w\" sizes=\"(max-width: 2048px) 100vw, 2048px\" \/><\/div>\n\t\t<\/figure>\n\t<\/div>\n\t\t\t<\/div>\r\n\t\t\t<div class=\"simonmista_slideshow__item\"  style=\"background-color:\">\r\n\t\t\t\t\n\t<div  class=\"wpb_single_image wpb_content_element vc_align_left wpb_content_element\">\n\t\t\n\t\t<figure class=\"wpb_wrapper vc_figure\">\n\t\t\t<div class=\"vc_single_image-wrapper   vc_box_border_grey\"><img decoding=\"async\" width=\"2048\" height=\"2048\" src=\"https:\/\/www.dworekmarmis.pl\/app\/uploads\/2025\/12\/20251206_111746-scaled.jpg\" class=\"vc_single_image-img attachment-full\" alt=\"Sv\u011btl\u00fd pokoj s d\u0159ev\u011bnou podlahou, oknem se \u017ealuziemi, \u0161atn\u00ed sk\u0159\u00edn\u00ed a ozdobn\u00fdm ko\u0161em.\" title=\"20251206_111746\" srcset=\"https:\/\/www.dworekmarmis.pl\/app\/uploads\/2025\/12\/20251206_111746-scaled.jpg 2048w, https:\/\/www.dworekmarmis.pl\/app\/uploads\/2025\/12\/20251206_111746-300x300.jpg 300w, https:\/\/www.dworekmarmis.pl\/app\/uploads\/2025\/12\/20251206_111746-1024x1024.jpg 1024w, https:\/\/www.dworekmarmis.pl\/app\/uploads\/2025\/12\/20251206_111746-150x150.jpg 150w, https:\/\/www.dworekmarmis.pl\/app\/uploads\/2025\/12\/20251206_111746-768x768.jpg 768w, https:\/\/www.dworekmarmis.pl\/app\/uploads\/2025\/12\/20251206_111746-1536x1536.jpg 1536w, https:\/\/www.dworekmarmis.pl\/app\/uploads\/2025\/12\/20251206_111746-12x12.jpg 12w\" sizes=\"(max-width: 2048px) 100vw, 2048px\" \/><\/div>\n\t\t<\/figure>\n\t<\/div>\n\t\t\t<\/div>\r\n\t\t\t<div class=\"simonmista_slideshow__item\"  style=\"background-color:\">\r\n\t\t\t\t\n\t<div  class=\"wpb_single_image wpb_content_element vc_align_left wpb_content_element\">\n\t\t\n\t\t<figure class=\"wpb_wrapper vc_figure\">\n\t\t\t<div class=\"vc_single_image-wrapper   vc_box_border_grey\"><img decoding=\"async\" width=\"2048\" height=\"2048\" src=\"https:\/\/www.dworekmarmis.pl\/app\/uploads\/2025\/12\/20251206_111652-scaled.jpg\" class=\"vc_single_image-img attachment-full\" alt=\"Kuchyn\u011b pro hosty se st\u0159e\u0161n\u00edm oknem, b\u00edl\u00fdm n\u00e1bytkem a \u017elut\u00fdmi sk\u0159\u00ed\u0148kami, vybaven\u00e1 spot\u0159ebi\u010di.\" title=\"20251206_111652\" srcset=\"https:\/\/www.dworekmarmis.pl\/app\/uploads\/2025\/12\/20251206_111652-scaled.jpg 2048w, https:\/\/www.dworekmarmis.pl\/app\/uploads\/2025\/12\/20251206_111652-300x300.jpg 300w, https:\/\/www.dworekmarmis.pl\/app\/uploads\/2025\/12\/20251206_111652-1024x1024.jpg 1024w, https:\/\/www.dworekmarmis.pl\/app\/uploads\/2025\/12\/20251206_111652-150x150.jpg 150w, https:\/\/www.dworekmarmis.pl\/app\/uploads\/2025\/12\/20251206_111652-768x768.jpg 768w, https:\/\/www.dworekmarmis.pl\/app\/uploads\/2025\/12\/20251206_111652-1536x1536.jpg 1536w, https:\/\/www.dworekmarmis.pl\/app\/uploads\/2025\/12\/20251206_111652-12x12.jpg 12w\" sizes=\"(max-width: 2048px) 100vw, 2048px\" \/><\/div>\n\t\t<\/figure>\n\t<\/div>\n\t\t\t<\/div>\r\n\t\t\t<div class=\"simonmista_slideshow__item\"  style=\"background-color:\">\r\n\t\t\t\t\n\t<div  class=\"wpb_single_image wpb_content_element vc_align_left wpb_content_element\">\n\t\t\n\t\t<figure class=\"wpb_wrapper vc_figure\">\n\t\t\t<div class=\"vc_single_image-wrapper   vc_box_border_grey\"><img decoding=\"async\" width=\"2048\" height=\"2048\" src=\"https:\/\/www.dworekmarmis.pl\/app\/uploads\/2025\/12\/20251206_111639-scaled.jpg\" class=\"vc_single_image-img attachment-full\" alt=\"Kuchyn\u011b pro hosty s d\u0159ev\u011bnou podlahou, d\u0159ezem, varnou konvic\u00ed a sk\u0159\u00ed\u0148kami ve sv\u011btl\u00fdch barv\u00e1ch.\" title=\"20251206_111639\" srcset=\"https:\/\/www.dworekmarmis.pl\/app\/uploads\/2025\/12\/20251206_111639-scaled.jpg 2048w, https:\/\/www.dworekmarmis.pl\/app\/uploads\/2025\/12\/20251206_111639-300x300.jpg 300w, https:\/\/www.dworekmarmis.pl\/app\/uploads\/2025\/12\/20251206_111639-1024x1024.jpg 1024w, https:\/\/www.dworekmarmis.pl\/app\/uploads\/2025\/12\/20251206_111639-150x150.jpg 150w, https:\/\/www.dworekmarmis.pl\/app\/uploads\/2025\/12\/20251206_111639-768x768.jpg 768w, https:\/\/www.dworekmarmis.pl\/app\/uploads\/2025\/12\/20251206_111639-1536x1536.jpg 1536w, https:\/\/www.dworekmarmis.pl\/app\/uploads\/2025\/12\/20251206_111639-12x12.jpg 12w\" sizes=\"(max-width: 2048px) 100vw, 2048px\" \/><\/div>\n\t\t<\/figure>\n\t<\/div>\n\t\t\t<\/div>\r\n\t\t\t<div class=\"simonmista_slideshow__item\"  style=\"background-color:\">\r\n\t\t\t\t\n\t<div  class=\"wpb_single_image wpb_content_element vc_align_left wpb_content_element\">\n\t\t\n\t\t<figure class=\"wpb_wrapper vc_figure\">\n\t\t\t<div class=\"vc_single_image-wrapper   vc_box_border_grey\"><img decoding=\"async\" width=\"2048\" height=\"2048\" src=\"https:\/\/www.dworekmarmis.pl\/app\/uploads\/2022\/05\/20221228_185312-scaled.jpg\" class=\"vc_single_image-img attachment-full\" alt=\"St\u016fl a \u017eidle v klasick\u00e9m stylu v m\u00edstnosti s kamenn\u00fdmi st\u011bnami, projekce ulice na st\u011bn\u011b.\" title=\"20221228_185312\" srcset=\"https:\/\/www.dworekmarmis.pl\/app\/uploads\/2022\/05\/20221228_185312-scaled.jpg 2048w, https:\/\/www.dworekmarmis.pl\/app\/uploads\/2022\/05\/20221228_185312-300x300.jpg 300w, https:\/\/www.dworekmarmis.pl\/app\/uploads\/2022\/05\/20221228_185312-1024x1024.jpg 1024w, https:\/\/www.dworekmarmis.pl\/app\/uploads\/2022\/05\/20221228_185312-150x150.jpg 150w, https:\/\/www.dworekmarmis.pl\/app\/uploads\/2022\/05\/20221228_185312-768x768.jpg 768w, https:\/\/www.dworekmarmis.pl\/app\/uploads\/2022\/05\/20221228_185312-1536x1536.jpg 1536w, https:\/\/www.dworekmarmis.pl\/app\/uploads\/2022\/05\/20221228_185312-12x12.jpg 12w, https:\/\/www.dworekmarmis.pl\/app\/uploads\/2022\/05\/20221228_185312-600x600.jpg 600w, https:\/\/www.dworekmarmis.pl\/app\/uploads\/2022\/05\/20221228_185312-100x100.jpg 100w\" sizes=\"(max-width: 2048px) 100vw, 2048px\" \/><\/div>\n\t\t<\/figure>\n\t<\/div>\n\t\t\t<\/div>\r\n\t\t\t<div class=\"simonmista_slideshow__item\"  style=\"background-color:\">\r\n\t\t\t\t\n\t<div  class=\"wpb_single_image wpb_content_element vc_align_left wpb_content_element\">\n\t\t\n\t\t<figure class=\"wpb_wrapper vc_figure\">\n\t\t\t<div class=\"vc_single_image-wrapper   vc_box_border_grey\"><img decoding=\"async\" width=\"2048\" height=\"2048\" src=\"https:\/\/www.dworekmarmis.pl\/app\/uploads\/2025\/12\/20251223_144538-scaled.jpg\" class=\"vc_single_image-img attachment-full\" alt=\"\u00datuln\u00fd koutek s b\u00edl\u00fdmi k\u0159esly, kulat\u00fdm stolkem a v\u00e1no\u010dn\u00edm stromkem ozdoben\u00fdm sv\u011bt\u00fdlky.\" title=\"20251223_144538\" srcset=\"https:\/\/www.dworekmarmis.pl\/app\/uploads\/2025\/12\/20251223_144538-scaled.jpg 2048w, https:\/\/www.dworekmarmis.pl\/app\/uploads\/2025\/12\/20251223_144538-300x300.jpg 300w, https:\/\/www.dworekmarmis.pl\/app\/uploads\/2025\/12\/20251223_144538-1024x1024.jpg 1024w, https:\/\/www.dworekmarmis.pl\/app\/uploads\/2025\/12\/20251223_144538-150x150.jpg 150w, https:\/\/www.dworekmarmis.pl\/app\/uploads\/2025\/12\/20251223_144538-768x768.jpg 768w, https:\/\/www.dworekmarmis.pl\/app\/uploads\/2025\/12\/20251223_144538-1536x1536.jpg 1536w, https:\/\/www.dworekmarmis.pl\/app\/uploads\/2025\/12\/20251223_144538-12x12.jpg 12w\" sizes=\"(max-width: 2048px) 100vw, 2048px\" \/><\/div>\n\t\t<\/figure>\n\t<\/div>\n\t\t\t<\/div>\r\n\t\t\t\t<\/div>\r\n\t\t\t<\/div>\r\n\t\t<\/div><\/div><\/div><\/div>\n<\/div>","protected":false},"excerpt":{"rendered":"Ob\u00fdvac\u00ed pokoj s d\u0159ev\u011bn\u00fdmi prvky a kamenn\u00fdmi st\u011bnami vyza\u0159uje \u00fatulnost a eleganci. \u00dast\u0159edn\u00edm bodem prostoru je velk\u00fd staro\u017eitn\u00fd rozkl\u00e1dac\u00ed st\u016fl pro 12 osob, kter\u00fd je ide\u00e1ln\u00edm m\u00edstem pro spole\u010dn\u00e1 setk\u00e1n\u00ed a j\u00eddlo. Pohodln\u00e1 k\u0159esla vyb\u00edzej\u00ed k odpo\u010dinku a p\u0159\u00edtomnost \u0159ady stoln\u00edch her dod\u00e1v\u00e1 z\u00e1bavu d\u011btem i dosp\u011bl\u00fdm. Filmov\u00e9 pl\u00e1tno umo\u017e\u0148uje pohodln\u00e9 sledov\u00e1n\u00ed film\u016f, kter\u00e9 poskytuje ...","protected":false},"author":1,"featured_media":2345,"parent":0,"menu_order":0,"comment_status":"closed","ping_status":"closed","template":"","meta":{"_acf_changed":false,"footnotes":""},"class_list":["post-1933","page","type-page","status-publish","has-post-thumbnail","hentry"],"acf":[],"aioseo_notices":[],"_links":{"self":[{"href":"https:\/\/www.dworekmarmis.pl\/cs\/wp-json\/wp\/v2\/pages\/1933","targetHints":{"allow":["GET"]}}],"collection":[{"href":"https:\/\/www.dworekmarmis.pl\/cs\/wp-json\/wp\/v2\/pages"}],"about":[{"href":"https:\/\/www.dworekmarmis.pl\/cs\/wp-json\/wp\/v2\/types\/page"}],"author":[{"embeddable":true,"href":"https:\/\/www.dworekmarmis.pl\/cs\/wp-json\/wp\/v2\/users\/1"}],"replies":[{"embeddable":true,"href":"https:\/\/www.dworekmarmis.pl\/cs\/wp-json\/wp\/v2\/comments?post=1933"}],"version-history":[{"count":20,"href":"https:\/\/www.dworekmarmis.pl\/cs\/wp-json\/wp\/v2\/pages\/1933\/revisions"}],"predecessor-version":[{"id":2948,"href":"https:\/\/www.dworekmarmis.pl\/cs\/wp-json\/wp\/v2\/pages\/1933\/revisions\/2948"}],"wp:featuredmedia":[{"embeddable":true,"href":"https:\/\/www.dworekmarmis.pl\/cs\/wp-json\/wp\/v2\/media\/2345"}],"wp:attachment":[{"href":"https:\/\/www.dworekmarmis.pl\/cs\/wp-json\/wp\/v2\/media?parent=1933"}],"curies":[{"name":"wp","href":"https:\/\/api.w.org\/{rel}","templated":true}]}}